{"id":35739,"date":"2024-05-30T19:05:05","date_gmt":"2024-05-30T17:05:05","guid":{"rendered":"https:\/\/interreg-sudoe.eu\/piloto-proyecto-27\/ensaio-de-solucoes-piloto-de-adaptacao-prevencao-e-atenuacao\/"},"modified":"2026-02-19T17:18:36","modified_gmt":"2026-02-19T16:18:36","slug":"ensaio-de-solucoes-piloto-de-adaptacao-prevencao-e-atenuacao","status":"publish","type":"piloto-proyecto-27","link":"https:\/\/interreg-sudoe.eu\/pt-pt\/piloto-proyecto-27\/ensaio-de-solucoes-piloto-de-adaptacao-prevencao-e-atenuacao\/","title":{"rendered":"Ensaio de solu\u00e7\u00f5es-piloto de adapta\u00e7\u00e3o, preven\u00e7\u00e3o e atenua\u00e7\u00e3o"},"content":{"rendered":"<p>No \u00e2mbito do projeto An-Gel Sudoe, foram selecionadas 8 zonas-piloto: Lleida, Lot-et-Garonne, Bord\u00e9us, Dordogne (x2), Rioja Alavesa, M\u00farcia e Bragan\u00e7a. Em cada uma destas zonas, trabalharemos em colabora\u00e7\u00e3o com um grupo de produtores parceiros, quer utilizando explora\u00e7\u00f5es em condi\u00e7\u00f5es reais de produ\u00e7\u00e3o, quer envolvendo-os no acompanhamento t\u00e9cnico dos ensaios. As t\u00e9cnicas de preven\u00e7\u00e3o, adapta\u00e7\u00e3o e mitiga\u00e7\u00e3o a testar ser\u00e3o (atividades 2.1 e 2.2): &#8211;\tPulveriza\u00e7\u00e3o de alta precis\u00e3o (sobre a folhagem) (solu\u00e7\u00e3o ativa). &#8211;\tVentila\u00e7\u00e3o ativa (solu\u00e7\u00e3o ativa). &#8211;\tGest\u00e3o da humidade do solo (solu\u00e7\u00e3o semi-passiva, ligada \u00e0 pulveriza\u00e7\u00e3o de alta precis\u00e3o, mas aplicada estrategicamente de forma preventiva e n\u00e3o reativa). &#8211;\tGest\u00e3o da cobertura do solo &#8211;\tSebes quebra-frio (solu\u00e7\u00e3o passiva). &#8211;\tDrenagem convectiva do ar frio &#8211;\tPoda tardia da vinha para atrasar o aparecimento das geadas (solu\u00e7\u00e3o destinada a minimizar os efeitos destrutivos das geadas). A solu\u00e7\u00e3o final consistir\u00e1 na utiliza\u00e7\u00e3o de uma destas t\u00e9cnicas ou na eventual combina\u00e7\u00e3o de v\u00e1rias delas, de modo a adaptar-se perfeitamente aos condicionalismos dos agricultores de uma determinada zona. Por exemplo, uma sebe quebra-frio pode ser utilizada para limitar o fluxo de ar frio para a parcela (solu\u00e7\u00e3o passiva), combinada com o controlo da humidade do solo, influenciando o coberto vegetal ou por aspers\u00e3o de alta precis\u00e3o (sobre a folhagem) alguns dias antes da geada (solu\u00e7\u00e3o semi-passiva) ou, se necess\u00e1rio, durante epis\u00f3dios de geada intensa (solu\u00e7\u00e3o ativa), se existirem recursos h\u00eddricos dispon\u00edveis. \u00c9, portanto, considerada uma solu\u00e7\u00e3o \u00fanica, uma vez que foi concebida como uma &#8220;caixa de ferramentas&#8221; que permite a combina\u00e7\u00e3o de diferentes t\u00e9cnicas para oferecer solu\u00e7\u00f5es eficazes, em fun\u00e7\u00e3o do contexto espec\u00edfico das diferentes explora\u00e7\u00f5es que participam no projeto como s\u00edtios-piloto.<\/p>\n","protected":false},"excerpt":{"rendered":"<p>No \u00e2mbito do projeto An-Gel Sudoe, foram selecionadas 8 zonas-piloto: Lleida, Lot-et-Garonne, Bord\u00e9us, Dordogne (x2), Rioja Alavesa, M\u00farcia e Bragan\u00e7a. Em cada uma destas zonas, trabalharemos em colabora\u00e7\u00e3o com um grupo de produtores parceiros, quer utilizando explora\u00e7\u00f5es em condi\u00e7\u00f5es reais de produ\u00e7\u00e3o, quer envolvendo-os no acompanhamento t\u00e9cnico dos ensaios. As t\u00e9cnicas de preven\u00e7\u00e3o, adapta\u00e7\u00e3o e mitiga\u00e7\u00e3o a testar ser\u00e3o (atividades 2.1 e 2.2): &#8211;\tPulveriza\u00e7\u00e3o de alta precis\u00e3o (sobre a folhagem) (solu\u00e7\u00e3o ativa). &#8211;\tVentila\u00e7\u00e3o ativa (solu\u00e7\u00e3o ativa). &#8211;\tGest\u00e3o da humidade do solo (solu\u00e7\u00e3o semi-passiva, ligada \u00e0 pulveriza\u00e7\u00e3o de alta precis\u00e3o, mas aplicada estrategicamente de forma preventiva e n\u00e3o reativa). &#8211;\tGest\u00e3o da cobertura do solo &#8211;\tSebes quebra-frio (solu\u00e7\u00e3o passiva). &#8211;\tDrenagem convectiva do ar frio &#8211;\tPoda tardia da vinha para atrasar o aparecimento das geadas (solu\u00e7\u00e3o destinada a minimizar os efeitos destrutivos das geadas). A solu\u00e7\u00e3o final consistir\u00e1 na utiliza\u00e7\u00e3o de uma destas t\u00e9cnicas ou na eventual combina\u00e7\u00e3o de v\u00e1rias delas, de modo a adaptar-se perfeitamente aos condicionalismos dos agricultores de uma determinada zona. Por exemplo, uma sebe quebra-frio pode ser utilizada para limitar o fluxo de ar frio para a parcela (solu\u00e7\u00e3o passiva), combinada com o controlo da humidade do solo, influenciando o coberto vegetal ou por aspers\u00e3o de alta precis\u00e3o (sobre a folhagem) alguns dias antes da geada (solu\u00e7\u00e3o semi-passiva) ou, se necess\u00e1rio, durante epis\u00f3dios de geada intensa (solu\u00e7\u00e3o ativa), se existirem recursos h\u00eddricos dispon\u00edveis. \u00c9, portanto, considerada uma solu\u00e7\u00e3o \u00fanica, uma vez que foi concebida como uma &#8220;caixa de ferramentas&#8221; que permite a combina\u00e7\u00e3o de diferentes t\u00e9cnicas para oferecer solu\u00e7\u00f5es eficazes, em fun\u00e7\u00e3o do contexto espec\u00edfico das diferentes explora\u00e7\u00f5es que participam no projeto como s\u00edtios-piloto.<\/p>\n","protected":false},"author":6548,"featured_media":0,"template":"","meta":{"_acf_changed":false,"content-type":"","_monsterinsights_skip_tracking":false,"_monsterinsights_sitenote_active":false,"_monsterinsights_sitenote_note":"","_monsterinsights_sitenote_category":0},"convocatoria-proyecto-27":[3311],"estado-proyecto-27":[3364],"objetivo-especifico-proyecto-27":[3293],"pais-proyecto-27":[],"periodo":[3557],"prioridad-proyecto-27":[3274],"publico-objetivo":[],"region-proyecto-27":[],"tematica-proyecto-27":[],"class_list":["post-35739","piloto-proyecto-27","type-piloto-proyecto-27","status-publish","hentry","convocatoria-proyecto-27-1a-convocatoria-pt-pt","estado-proyecto-27-em-curso","objetivo-especifico-proyecto-27-oe-2-4-adaptacao-as-alteracoes-climaticas-prevencao-dos-riscos","periodo-2021-2027-pt-pt","prioridad-proyecto-27-1-preservar-o-capital-natural-e-reforcar-a-adaptacao-as-alteracoes-climaticas-no-sudoe"],"acf":[],"yoast_head":"<!-- This site is optimized with the Yoast SEO plugin v27.4 - https:\/\/yoast.com\/product\/yoast-seo-wordpress\/ -->\n<title>Ensaio de solu\u00e7\u00f5es-piloto de adapta\u00e7\u00e3o, preven\u00e7\u00e3o e atenua\u00e7\u00e3o - Interreg Sudoe<\/title>\n<meta name=\"robots\" content=\"index, follow, max-snippet:-1, max-image-preview:large, max-video-preview:-1\" \/>\n<link rel=\"canonical\" href=\"https:\/\/interreg-sudoe.eu\/pt-pt\/piloto-proyecto-27\/ensaio-de-solucoes-piloto-de-adaptacao-prevencao-e-atenuacao\/\" \/>\n<meta property=\"og:locale\" content=\"pt_PT\" \/>\n<meta property=\"og:type\" content=\"article\" \/>\n<meta property=\"og:title\" content=\"Ensaio de solu\u00e7\u00f5es-piloto de adapta\u00e7\u00e3o, preven\u00e7\u00e3o e atenua\u00e7\u00e3o - Interreg Sudoe\" \/>\n<meta property=\"og:description\" content=\"No \u00e2mbito do projeto An-Gel Sudoe, foram selecionadas 8 zonas-piloto: Lleida, Lot-et-Garonne, Bord\u00e9us, Dordogne (x2), Rioja Alavesa, M\u00farcia e Bragan\u00e7a. Em cada uma destas zonas, trabalharemos em colabora\u00e7\u00e3o com um grupo de produtores parceiros, quer utilizando explora\u00e7\u00f5es em condi\u00e7\u00f5es reais de produ\u00e7\u00e3o, quer envolvendo-os no acompanhamento t\u00e9cnico dos ensaios. As t\u00e9cnicas de preven\u00e7\u00e3o, adapta\u00e7\u00e3o e mitiga\u00e7\u00e3o a testar ser\u00e3o (atividades 2.1 e 2.2): - Pulveriza\u00e7\u00e3o de alta precis\u00e3o (sobre a folhagem) (solu\u00e7\u00e3o ativa). - Ventila\u00e7\u00e3o ativa (solu\u00e7\u00e3o ativa). - Gest\u00e3o da humidade do solo (solu\u00e7\u00e3o semi-passiva, ligada \u00e0 pulveriza\u00e7\u00e3o de alta precis\u00e3o, mas aplicada estrategicamente de forma preventiva e n\u00e3o reativa). - Gest\u00e3o da cobertura do solo - Sebes quebra-frio (solu\u00e7\u00e3o passiva). - Drenagem convectiva do ar frio - Poda tardia da vinha para atrasar o aparecimento das geadas (solu\u00e7\u00e3o destinada a minimizar os efeitos destrutivos das geadas). A solu\u00e7\u00e3o final consistir\u00e1 na utiliza\u00e7\u00e3o de uma destas t\u00e9cnicas ou na eventual combina\u00e7\u00e3o de v\u00e1rias delas, de modo a adaptar-se perfeitamente aos condicionalismos dos agricultores de uma determinada zona. Por exemplo, uma sebe quebra-frio pode ser utilizada para limitar o fluxo de ar frio para a parcela (solu\u00e7\u00e3o passiva), combinada com o controlo da humidade do solo, influenciando o coberto vegetal ou por aspers\u00e3o de alta precis\u00e3o (sobre a folhagem) alguns dias antes da geada (solu\u00e7\u00e3o semi-passiva) ou, se necess\u00e1rio, durante epis\u00f3dios de geada intensa (solu\u00e7\u00e3o ativa), se existirem recursos h\u00eddricos dispon\u00edveis. \u00c9, portanto, considerada uma solu\u00e7\u00e3o \u00fanica, uma vez que foi concebida como uma &quot;caixa de ferramentas&quot; que permite a combina\u00e7\u00e3o de diferentes t\u00e9cnicas para oferecer solu\u00e7\u00f5es eficazes, em fun\u00e7\u00e3o do contexto espec\u00edfico das diferentes explora\u00e7\u00f5es que participam no projeto como s\u00edtios-piloto.\" \/>\n<meta property=\"og:url\" content=\"https:\/\/interreg-sudoe.eu\/pt-pt\/piloto-proyecto-27\/ensaio-de-solucoes-piloto-de-adaptacao-prevencao-e-atenuacao\/\" \/>\n<meta property=\"og:site_name\" content=\"Interreg Sudoe\" \/>\n<meta property=\"article:publisher\" content=\"https:\/\/www.facebook.com\/interregsudoe\" \/>\n<meta property=\"article:modified_time\" content=\"2026-02-19T16:18:36+00:00\" \/>\n<meta property=\"og:image\" content=\"https:\/\/interreg-sudoe.eu\/wp-content\/uploads\/2024\/03\/download.png\" \/>\n\t<meta property=\"og:image:width\" content=\"344\" \/>\n\t<meta property=\"og:image:height\" content=\"147\" \/>\n\t<meta property=\"og:image:type\" content=\"image\/png\" \/>\n<meta name=\"twitter:card\" content=\"summary_large_image\" \/>\n<meta name=\"twitter:site\" content=\"@Sudoe5\" \/>\n<meta name=\"twitter:label1\" content=\"Tempo estimado de leitura\" \/>\n\t<meta name=\"twitter:data1\" content=\"2 minutos\" \/>\n<script type=\"application\/ld+json\" class=\"yoast-schema-graph\">{\"@context\":\"https:\\\/\\\/schema.org\",\"@graph\":[{\"@type\":\"WebPage\",\"@id\":\"https:\\\/\\\/interreg-sudoe.eu\\\/pt-pt\\\/piloto-proyecto-27\\\/ensaio-de-solucoes-piloto-de-adaptacao-prevencao-e-atenuacao\\\/\",\"url\":\"https:\\\/\\\/interreg-sudoe.eu\\\/pt-pt\\\/piloto-proyecto-27\\\/ensaio-de-solucoes-piloto-de-adaptacao-prevencao-e-atenuacao\\\/\",\"name\":\"Ensaio de solu\u00e7\u00f5es-piloto de adapta\u00e7\u00e3o, preven\u00e7\u00e3o e atenua\u00e7\u00e3o - Interreg Sudoe\",\"isPartOf\":{\"@id\":\"https:\\\/\\\/interreg-sudoe.eu\\\/pt-pt\\\/#website\"},\"datePublished\":\"2024-05-30T17:05:05+00:00\",\"dateModified\":\"2026-02-19T16:18:36+00:00\",\"breadcrumb\":{\"@id\":\"https:\\\/\\\/interreg-sudoe.eu\\\/pt-pt\\\/piloto-proyecto-27\\\/ensaio-de-solucoes-piloto-de-adaptacao-prevencao-e-atenuacao\\\/#breadcrumb\"},\"inLanguage\":\"pt-PT\",\"potentialAction\":[{\"@type\":\"ReadAction\",\"target\":[\"https:\\\/\\\/interreg-sudoe.eu\\\/pt-pt\\\/piloto-proyecto-27\\\/ensaio-de-solucoes-piloto-de-adaptacao-prevencao-e-atenuacao\\\/\"]}]},{\"@type\":\"BreadcrumbList\",\"@id\":\"https:\\\/\\\/interreg-sudoe.eu\\\/pt-pt\\\/piloto-proyecto-27\\\/ensaio-de-solucoes-piloto-de-adaptacao-prevencao-e-atenuacao\\\/#breadcrumb\",\"itemListElement\":[{\"@type\":\"ListItem\",\"position\":1,\"name\":\"Home\",\"item\":\"https:\\\/\\\/interreg-sudoe.eu\\\/pt-pt\\\/\"},{\"@type\":\"ListItem\",\"position\":2,\"name\":\"Ensaio de solu\u00e7\u00f5es-piloto de adapta\u00e7\u00e3o, preven\u00e7\u00e3o e atenua\u00e7\u00e3o\"}]},{\"@type\":\"WebSite\",\"@id\":\"https:\\\/\\\/interreg-sudoe.eu\\\/pt-pt\\\/#website\",\"url\":\"https:\\\/\\\/interreg-sudoe.eu\\\/pt-pt\\\/\",\"name\":\"Interreg Sudoe\",\"description\":\"Interreg Sudoe\",\"publisher\":{\"@id\":\"https:\\\/\\\/interreg-sudoe.eu\\\/pt-pt\\\/#organization\"},\"alternateName\":\"Interreg Sudoe\",\"potentialAction\":[{\"@type\":\"SearchAction\",\"target\":{\"@type\":\"EntryPoint\",\"urlTemplate\":\"https:\\\/\\\/interreg-sudoe.eu\\\/pt-pt\\\/?s={search_term_string}\"},\"query-input\":{\"@type\":\"PropertyValueSpecification\",\"valueRequired\":true,\"valueName\":\"search_term_string\"}}],\"inLanguage\":\"pt-PT\"},{\"@type\":\"Organization\",\"@id\":\"https:\\\/\\\/interreg-sudoe.eu\\\/pt-pt\\\/#organization\",\"name\":\"Interreg Sudoe\",\"alternateName\":\"Interreg Sudoe\",\"url\":\"https:\\\/\\\/interreg-sudoe.eu\\\/pt-pt\\\/\",\"logo\":{\"@type\":\"ImageObject\",\"inLanguage\":\"pt-PT\",\"@id\":\"https:\\\/\\\/interreg-sudoe.eu\\\/pt-pt\\\/#\\\/schema\\\/logo\\\/image\\\/\",\"url\":\"https:\\\/\\\/interreg-sudoe.eu\\\/wp-content\\\/uploads\\\/2024\\\/03\\\/logo-interreg.png\",\"contentUrl\":\"https:\\\/\\\/interreg-sudoe.eu\\\/wp-content\\\/uploads\\\/2024\\\/03\\\/logo-interreg.png\",\"width\":1200,\"height\":675,\"caption\":\"Interreg Sudoe\"},\"image\":{\"@id\":\"https:\\\/\\\/interreg-sudoe.eu\\\/pt-pt\\\/#\\\/schema\\\/logo\\\/image\\\/\"},\"sameAs\":[\"https:\\\/\\\/www.facebook.com\\\/interregsudoe\",\"https:\\\/\\\/x.com\\\/Sudoe5\",\"https:\\\/\\\/www.youtube.com\\\/channel\\\/UCeGx2edoB32beRc9dbKA2vw\",\"https:\\\/\\\/www.linkedin.com\\\/company\\\/interreg-sudoe-programme\\\/\",\"https:\\\/\\\/www.flickr.com\\\/photos\\\/148704685@N06\\\/\"]}]}<\/script>\n<!-- \/ Yoast SEO plugin. -->","yoast_head_json":{"title":"Ensaio de solu\u00e7\u00f5es-piloto de adapta\u00e7\u00e3o, preven\u00e7\u00e3o e atenua\u00e7\u00e3o - Interreg Sudoe","robots":{"index":"index","follow":"follow","max-snippet":"max-snippet:-1","max-image-preview":"max-image-preview:large","max-video-preview":"max-video-preview:-1"},"canonical":"https:\/\/interreg-sudoe.eu\/pt-pt\/piloto-proyecto-27\/ensaio-de-solucoes-piloto-de-adaptacao-prevencao-e-atenuacao\/","og_locale":"pt_PT","og_type":"article","og_title":"Ensaio de solu\u00e7\u00f5es-piloto de adapta\u00e7\u00e3o, preven\u00e7\u00e3o e atenua\u00e7\u00e3o - Interreg Sudoe","og_description":"No \u00e2mbito do projeto An-Gel Sudoe, foram selecionadas 8 zonas-piloto: Lleida, Lot-et-Garonne, Bord\u00e9us, Dordogne (x2), Rioja Alavesa, M\u00farcia e Bragan\u00e7a. Em cada uma destas zonas, trabalharemos em colabora\u00e7\u00e3o com um grupo de produtores parceiros, quer utilizando explora\u00e7\u00f5es em condi\u00e7\u00f5es reais de produ\u00e7\u00e3o, quer envolvendo-os no acompanhamento t\u00e9cnico dos ensaios. As t\u00e9cnicas de preven\u00e7\u00e3o, adapta\u00e7\u00e3o e mitiga\u00e7\u00e3o a testar ser\u00e3o (atividades 2.1 e 2.2): - Pulveriza\u00e7\u00e3o de alta precis\u00e3o (sobre a folhagem) (solu\u00e7\u00e3o ativa). - Ventila\u00e7\u00e3o ativa (solu\u00e7\u00e3o ativa). - Gest\u00e3o da humidade do solo (solu\u00e7\u00e3o semi-passiva, ligada \u00e0 pulveriza\u00e7\u00e3o de alta precis\u00e3o, mas aplicada estrategicamente de forma preventiva e n\u00e3o reativa). - Gest\u00e3o da cobertura do solo - Sebes quebra-frio (solu\u00e7\u00e3o passiva). - Drenagem convectiva do ar frio - Poda tardia da vinha para atrasar o aparecimento das geadas (solu\u00e7\u00e3o destinada a minimizar os efeitos destrutivos das geadas). A solu\u00e7\u00e3o final consistir\u00e1 na utiliza\u00e7\u00e3o de uma destas t\u00e9cnicas ou na eventual combina\u00e7\u00e3o de v\u00e1rias delas, de modo a adaptar-se perfeitamente aos condicionalismos dos agricultores de uma determinada zona. Por exemplo, uma sebe quebra-frio pode ser utilizada para limitar o fluxo de ar frio para a parcela (solu\u00e7\u00e3o passiva), combinada com o controlo da humidade do solo, influenciando o coberto vegetal ou por aspers\u00e3o de alta precis\u00e3o (sobre a folhagem) alguns dias antes da geada (solu\u00e7\u00e3o semi-passiva) ou, se necess\u00e1rio, durante epis\u00f3dios de geada intensa (solu\u00e7\u00e3o ativa), se existirem recursos h\u00eddricos dispon\u00edveis. \u00c9, portanto, considerada uma solu\u00e7\u00e3o \u00fanica, uma vez que foi concebida como uma \"caixa de ferramentas\" que permite a combina\u00e7\u00e3o de diferentes t\u00e9cnicas para oferecer solu\u00e7\u00f5es eficazes, em fun\u00e7\u00e3o do contexto espec\u00edfico das diferentes explora\u00e7\u00f5es que participam no projeto como s\u00edtios-piloto.","og_url":"https:\/\/interreg-sudoe.eu\/pt-pt\/piloto-proyecto-27\/ensaio-de-solucoes-piloto-de-adaptacao-prevencao-e-atenuacao\/","og_site_name":"Interreg Sudoe","article_publisher":"https:\/\/www.facebook.com\/interregsudoe","article_modified_time":"2026-02-19T16:18:36+00:00","og_image":[{"width":344,"height":147,"url":"https:\/\/interreg-sudoe.eu\/wp-content\/uploads\/2024\/03\/download.png","type":"image\/png"}],"twitter_card":"summary_large_image","twitter_site":"@Sudoe5","twitter_misc":{"Tempo estimado de leitura":"2 minutos"},"schema":{"@context":"https:\/\/schema.org","@graph":[{"@type":"WebPage","@id":"https:\/\/interreg-sudoe.eu\/pt-pt\/piloto-proyecto-27\/ensaio-de-solucoes-piloto-de-adaptacao-prevencao-e-atenuacao\/","url":"https:\/\/interreg-sudoe.eu\/pt-pt\/piloto-proyecto-27\/ensaio-de-solucoes-piloto-de-adaptacao-prevencao-e-atenuacao\/","name":"Ensaio de solu\u00e7\u00f5es-piloto de adapta\u00e7\u00e3o, preven\u00e7\u00e3o e atenua\u00e7\u00e3o - Interreg Sudoe","isPartOf":{"@id":"https:\/\/interreg-sudoe.eu\/pt-pt\/#website"},"datePublished":"2024-05-30T17:05:05+00:00","dateModified":"2026-02-19T16:18:36+00:00","breadcrumb":{"@id":"https:\/\/interreg-sudoe.eu\/pt-pt\/piloto-proyecto-27\/ensaio-de-solucoes-piloto-de-adaptacao-prevencao-e-atenuacao\/#breadcrumb"},"inLanguage":"pt-PT","potentialAction":[{"@type":"ReadAction","target":["https:\/\/interreg-sudoe.eu\/pt-pt\/piloto-proyecto-27\/ensaio-de-solucoes-piloto-de-adaptacao-prevencao-e-atenuacao\/"]}]},{"@type":"BreadcrumbList","@id":"https:\/\/interreg-sudoe.eu\/pt-pt\/piloto-proyecto-27\/ensaio-de-solucoes-piloto-de-adaptacao-prevencao-e-atenuacao\/#breadcrumb","itemListElement":[{"@type":"ListItem","position":1,"name":"Home","item":"https:\/\/interreg-sudoe.eu\/pt-pt\/"},{"@type":"ListItem","position":2,"name":"Ensaio de solu\u00e7\u00f5es-piloto de adapta\u00e7\u00e3o, preven\u00e7\u00e3o e atenua\u00e7\u00e3o"}]},{"@type":"WebSite","@id":"https:\/\/interreg-sudoe.eu\/pt-pt\/#website","url":"https:\/\/interreg-sudoe.eu\/pt-pt\/","name":"Interreg Sudoe","description":"Interreg Sudoe","publisher":{"@id":"https:\/\/interreg-sudoe.eu\/pt-pt\/#organization"},"alternateName":"Interreg Sudoe","potentialAction":[{"@type":"SearchAction","target":{"@type":"EntryPoint","urlTemplate":"https:\/\/interreg-sudoe.eu\/pt-pt\/?s={search_term_string}"},"query-input":{"@type":"PropertyValueSpecification","valueRequired":true,"valueName":"search_term_string"}}],"inLanguage":"pt-PT"},{"@type":"Organization","@id":"https:\/\/interreg-sudoe.eu\/pt-pt\/#organization","name":"Interreg Sudoe","alternateName":"Interreg Sudoe","url":"https:\/\/interreg-sudoe.eu\/pt-pt\/","logo":{"@type":"ImageObject","inLanguage":"pt-PT","@id":"https:\/\/interreg-sudoe.eu\/pt-pt\/#\/schema\/logo\/image\/","url":"https:\/\/interreg-sudoe.eu\/wp-content\/uploads\/2024\/03\/logo-interreg.png","contentUrl":"https:\/\/interreg-sudoe.eu\/wp-content\/uploads\/2024\/03\/logo-interreg.png","width":1200,"height":675,"caption":"Interreg Sudoe"},"image":{"@id":"https:\/\/interreg-sudoe.eu\/pt-pt\/#\/schema\/logo\/image\/"},"sameAs":["https:\/\/www.facebook.com\/interregsudoe","https:\/\/x.com\/Sudoe5","https:\/\/www.youtube.com\/channel\/UCeGx2edoB32beRc9dbKA2vw","https:\/\/www.linkedin.com\/company\/interreg-sudoe-programme\/","https:\/\/www.flickr.com\/photos\/148704685@N06\/"]}]}},"_links":{"self":[{"href":"https:\/\/interreg-sudoe.eu\/pt-pt\/wp-json\/wp\/v2\/piloto-proyecto-27\/35739","targetHints":{"allow":["GET"]}}],"collection":[{"href":"https:\/\/interreg-sudoe.eu\/pt-pt\/wp-json\/wp\/v2\/piloto-proyecto-27"}],"about":[{"href":"https:\/\/interreg-sudoe.eu\/pt-pt\/wp-json\/wp\/v2\/types\/piloto-proyecto-27"}],"author":[{"embeddable":true,"href":"https:\/\/interreg-sudoe.eu\/pt-pt\/wp-json\/wp\/v2\/users\/6548"}],"wp:attachment":[{"href":"https:\/\/interreg-sudoe.eu\/pt-pt\/wp-json\/wp\/v2\/media?parent=35739"}],"wp:term":[{"taxonomy":"convocatoria-proyecto-27","embeddable":true,"href":"https:\/\/interreg-sudoe.eu\/pt-pt\/wp-json\/wp\/v2\/convocatoria-proyecto-27?post=35739"},{"taxonomy":"estado-proyecto-27","embeddable":true,"href":"https:\/\/interreg-sudoe.eu\/pt-pt\/wp-json\/wp\/v2\/estado-proyecto-27?post=35739"},{"taxonomy":"objetivo-especifico-proyecto-27","embeddable":true,"href":"https:\/\/interreg-sudoe.eu\/pt-pt\/wp-json\/wp\/v2\/objetivo-especifico-proyecto-27?post=35739"},{"taxonomy":"pais-proyecto-27","embeddable":true,"href":"https:\/\/interreg-sudoe.eu\/pt-pt\/wp-json\/wp\/v2\/pais-proyecto-27?post=35739"},{"taxonomy":"periodo","embeddable":true,"href":"https:\/\/interreg-sudoe.eu\/pt-pt\/wp-json\/wp\/v2\/periodo?post=35739"},{"taxonomy":"prioridad-proyecto-27","embeddable":true,"href":"https:\/\/interreg-sudoe.eu\/pt-pt\/wp-json\/wp\/v2\/prioridad-proyecto-27?post=35739"},{"taxonomy":"publico-objetivo","embeddable":true,"href":"https:\/\/interreg-sudoe.eu\/pt-pt\/wp-json\/wp\/v2\/publico-objetivo?post=35739"},{"taxonomy":"region-proyecto-27","embeddable":true,"href":"https:\/\/interreg-sudoe.eu\/pt-pt\/wp-json\/wp\/v2\/region-proyecto-27?post=35739"},{"taxonomy":"tematica-proyecto-27","embeddable":true,"href":"https:\/\/interreg-sudoe.eu\/pt-pt\/wp-json\/wp\/v2\/tematica-proyecto-27?post=35739"}],"curies":[{"name":"wp","href":"https:\/\/api.w.org\/{rel}","templated":true}]}}