{"id":35748,"date":"2024-05-30T19:05:05","date_gmt":"2024-05-30T17:05:05","guid":{"rendered":"https:\/\/interreg-sudoe.eu\/piloto-proyecto-27\/os-3-casos-piloto\/"},"modified":"2026-02-19T17:02:07","modified_gmt":"2026-02-19T16:02:07","slug":"os-3-casos-piloto","status":"publish","type":"piloto-proyecto-27","link":"https:\/\/interreg-sudoe.eu\/pt-pt\/piloto-proyecto-27\/os-3-casos-piloto\/","title":{"rendered":"Os 3 casos piloto"},"content":{"rendered":"<p>Pelo menos 3 casos-piloto (1 por pa\u00eds) actuam como laborat\u00f3rios vivos, oferecendo li\u00e7\u00f5es concretas e permitindo que o Sistema de Apoio \u00e0 Decis\u00e3o (SAD) seja testado, enriquecido por feedback e novos conhecimentos. Estes casos-piloto n\u00e3o s\u00f3 fornecem dados pr\u00e1ticos, como tamb\u00e9m ajudam a refor\u00e7ar as compet\u00eancias estrat\u00e9gicas e operacionais dos administradores das cidades termais. O feedback obtido facilita a optimiza\u00e7\u00e3o das infraestruturas ligadas \u00e0 \u00e1gua termal, bem como a implementa\u00e7\u00e3o de medidas eficazes de adapta\u00e7\u00e3o \u00e0s altera\u00e7\u00f5es clim\u00e1ticas. Esta abordagem pr\u00e1ctica visa promover benef\u00edcios econ\u00f3micos tanto para os operadores como para os decisores pol\u00edticos, consolidando assim a gest\u00e3o sustent\u00e1vel da \u00e1gua termal nas regi\u00f5es termais do SUDOE. Estes 3 casos-piloto s\u00e3o iniciativas concretas destinadas a testar e demonstrar as solu\u00e7\u00f5es inovadoras desenvolvidas para a gest\u00e3o sustent\u00e1vel das nascentes termais. O objectivo \u00e9 p\u00f4r em pr\u00e1ctica os conhecimentos adquiridos, recolher dados vis\u00edveis dos quais resultem ensinamentos valiosos que contribuam para o processo de adapta\u00e7\u00e3o \u00e0s altera\u00e7\u00f5es clim\u00e1ticas. Estas ac\u00e7\u00f5es-pilotos representam etapas cruciais na transforma\u00e7\u00e3o de conceitos te\u00f3ricos em solu\u00e7\u00f5es operacionais, contribuindo assim para a realiza\u00e7\u00e3o dos objectivos do projeto.<\/p>\n","protected":false},"excerpt":{"rendered":"<p>Pelo menos 3 casos-piloto (1 por pa\u00eds) actuam como laborat\u00f3rios vivos, oferecendo li\u00e7\u00f5es concretas e permitindo que o Sistema de Apoio \u00e0 Decis\u00e3o (SAD) seja testado, enriquecido por feedback e novos conhecimentos. Estes casos-piloto n\u00e3o s\u00f3 fornecem dados pr\u00e1ticos, como tamb\u00e9m ajudam a refor\u00e7ar as compet\u00eancias estrat\u00e9gicas e operacionais dos administradores das cidades termais. O feedback obtido facilita a optimiza\u00e7\u00e3o das infraestruturas ligadas \u00e0 \u00e1gua termal, bem como a implementa\u00e7\u00e3o de medidas eficazes de adapta\u00e7\u00e3o \u00e0s altera\u00e7\u00f5es clim\u00e1ticas. Esta abordagem pr\u00e1ctica visa promover benef\u00edcios econ\u00f3micos tanto para os operadores como para os decisores pol\u00edticos, consolidando assim a gest\u00e3o sustent\u00e1vel da \u00e1gua termal nas regi\u00f5es termais do SUDOE. Estes 3 casos-piloto s\u00e3o iniciativas concretas destinadas a testar e demonstrar as solu\u00e7\u00f5es inovadoras desenvolvidas para a gest\u00e3o sustent\u00e1vel das nascentes termais. O objectivo \u00e9 p\u00f4r em pr\u00e1ctica os conhecimentos adquiridos, recolher dados vis\u00edveis dos quais resultem ensinamentos valiosos que contribuam para o processo de adapta\u00e7\u00e3o \u00e0s altera\u00e7\u00f5es clim\u00e1ticas. Estas ac\u00e7\u00f5es-pilotos representam etapas cruciais na transforma\u00e7\u00e3o de conceitos te\u00f3ricos em solu\u00e7\u00f5es operacionais, contribuindo assim para a realiza\u00e7\u00e3o dos objectivos do projeto.<\/p>\n","protected":false},"author":6514,"featured_media":0,"template":"","meta":{"_acf_changed":false,"content-type":"","_monsterinsights_skip_tracking":false,"_monsterinsights_sitenote_active":false,"_monsterinsights_sitenote_note":"","_monsterinsights_sitenote_category":0},"convocatoria-proyecto-27":[3311],"estado-proyecto-27":[3364],"objetivo-especifico-proyecto-27":[3294],"pais-proyecto-27":[],"periodo":[3557],"prioridad-proyecto-27":[3274],"publico-objetivo":[],"region-proyecto-27":[],"tematica-proyecto-27":[],"class_list":["post-35748","piloto-proyecto-27","type-piloto-proyecto-27","status-publish","hentry","convocatoria-proyecto-27-1a-convocatoria-pt-pt","estado-proyecto-27-em-curso","objetivo-especifico-proyecto-27-oe-2-5-acesso-a-agua-gestao-sustentavel-da-agua","periodo-2021-2027-pt-pt","prioridad-proyecto-27-1-preservar-o-capital-natural-e-reforcar-a-adaptacao-as-alteracoes-climaticas-no-sudoe"],"acf":[],"yoast_head":"<!-- This site is optimized with the Yoast SEO plugin v27.2 - https:\/\/yoast.com\/product\/yoast-seo-wordpress\/ -->\n<title>Os 3 casos piloto - Interreg Sudoe<\/title>\n<meta name=\"robots\" content=\"index, follow, max-snippet:-1, max-image-preview:large, max-video-preview:-1\" \/>\n<link rel=\"canonical\" href=\"https:\/\/interreg-sudoe.eu\/pt-pt\/piloto-proyecto-27\/os-3-casos-piloto\/\" \/>\n<meta property=\"og:locale\" content=\"pt_PT\" \/>\n<meta property=\"og:type\" content=\"article\" \/>\n<meta property=\"og:title\" content=\"Os 3 casos piloto - Interreg Sudoe\" \/>\n<meta property=\"og:description\" content=\"Pelo menos 3 casos-piloto (1 por pa\u00eds) actuam como laborat\u00f3rios vivos, oferecendo li\u00e7\u00f5es concretas e permitindo que o Sistema de Apoio \u00e0 Decis\u00e3o (SAD) seja testado, enriquecido por feedback e novos conhecimentos. Estes casos-piloto n\u00e3o s\u00f3 fornecem dados pr\u00e1ticos, como tamb\u00e9m ajudam a refor\u00e7ar as compet\u00eancias estrat\u00e9gicas e operacionais dos administradores das cidades termais. O feedback obtido facilita a optimiza\u00e7\u00e3o das infraestruturas ligadas \u00e0 \u00e1gua termal, bem como a implementa\u00e7\u00e3o de medidas eficazes de adapta\u00e7\u00e3o \u00e0s altera\u00e7\u00f5es clim\u00e1ticas. Esta abordagem pr\u00e1ctica visa promover benef\u00edcios econ\u00f3micos tanto para os operadores como para os decisores pol\u00edticos, consolidando assim a gest\u00e3o sustent\u00e1vel da \u00e1gua termal nas regi\u00f5es termais do SUDOE. Estes 3 casos-piloto s\u00e3o iniciativas concretas destinadas a testar e demonstrar as solu\u00e7\u00f5es inovadoras desenvolvidas para a gest\u00e3o sustent\u00e1vel das nascentes termais. O objectivo \u00e9 p\u00f4r em pr\u00e1ctica os conhecimentos adquiridos, recolher dados vis\u00edveis dos quais resultem ensinamentos valiosos que contribuam para o processo de adapta\u00e7\u00e3o \u00e0s altera\u00e7\u00f5es clim\u00e1ticas. Estas ac\u00e7\u00f5es-pilotos representam etapas cruciais na transforma\u00e7\u00e3o de conceitos te\u00f3ricos em solu\u00e7\u00f5es operacionais, contribuindo assim para a realiza\u00e7\u00e3o dos objectivos do projeto.\" \/>\n<meta property=\"og:url\" content=\"https:\/\/interreg-sudoe.eu\/pt-pt\/piloto-proyecto-27\/os-3-casos-piloto\/\" \/>\n<meta property=\"og:site_name\" content=\"Interreg Sudoe\" \/>\n<meta property=\"article:publisher\" content=\"https:\/\/www.facebook.com\/interregsudoe\" \/>\n<meta property=\"article:modified_time\" content=\"2026-02-19T16:02:07+00:00\" \/>\n<meta property=\"og:image\" content=\"https:\/\/interreg-sudoe.eu\/wp-content\/uploads\/2024\/03\/download.png\" \/>\n\t<meta property=\"og:image:width\" content=\"344\" \/>\n\t<meta property=\"og:image:height\" content=\"147\" \/>\n\t<meta property=\"og:image:type\" content=\"image\/png\" \/>\n<meta name=\"twitter:card\" content=\"summary_large_image\" \/>\n<meta name=\"twitter:site\" content=\"@Sudoe5\" \/>\n<meta name=\"twitter:label1\" content=\"Tempo estimado de leitura\" \/>\n\t<meta name=\"twitter:data1\" content=\"1 minuto\" \/>\n<script type=\"application\/ld+json\" class=\"yoast-schema-graph\">{\"@context\":\"https:\/\/schema.org\",\"@graph\":[{\"@type\":\"WebPage\",\"@id\":\"https:\/\/interreg-sudoe.eu\/pt-pt\/piloto-proyecto-27\/os-3-casos-piloto\/\",\"url\":\"https:\/\/interreg-sudoe.eu\/pt-pt\/piloto-proyecto-27\/os-3-casos-piloto\/\",\"name\":\"Os 3 casos piloto - Interreg Sudoe\",\"isPartOf\":{\"@id\":\"https:\/\/interreg-sudoe.eu\/pt-pt\/#website\"},\"datePublished\":\"2024-05-30T17:05:05+00:00\",\"dateModified\":\"2026-02-19T16:02:07+00:00\",\"breadcrumb\":{\"@id\":\"https:\/\/interreg-sudoe.eu\/pt-pt\/piloto-proyecto-27\/os-3-casos-piloto\/#breadcrumb\"},\"inLanguage\":\"pt-PT\",\"potentialAction\":[{\"@type\":\"ReadAction\",\"target\":[\"https:\/\/interreg-sudoe.eu\/pt-pt\/piloto-proyecto-27\/os-3-casos-piloto\/\"]}]},{\"@type\":\"BreadcrumbList\",\"@id\":\"https:\/\/interreg-sudoe.eu\/pt-pt\/piloto-proyecto-27\/os-3-casos-piloto\/#breadcrumb\",\"itemListElement\":[{\"@type\":\"ListItem\",\"position\":1,\"name\":\"Home\",\"item\":\"https:\/\/interreg-sudoe.eu\/pt-pt\/\"},{\"@type\":\"ListItem\",\"position\":2,\"name\":\"Os 3 casos piloto\"}]},{\"@type\":\"WebSite\",\"@id\":\"https:\/\/interreg-sudoe.eu\/pt-pt\/#website\",\"url\":\"https:\/\/interreg-sudoe.eu\/pt-pt\/\",\"name\":\"Interreg Sudoe\",\"description\":\"Interreg Sudoe\",\"publisher\":{\"@id\":\"https:\/\/interreg-sudoe.eu\/pt-pt\/#organization\"},\"alternateName\":\"Interreg Sudoe\",\"potentialAction\":[{\"@type\":\"SearchAction\",\"target\":{\"@type\":\"EntryPoint\",\"urlTemplate\":\"https:\/\/interreg-sudoe.eu\/pt-pt\/?s={search_term_string}\"},\"query-input\":{\"@type\":\"PropertyValueSpecification\",\"valueRequired\":true,\"valueName\":\"search_term_string\"}}],\"inLanguage\":\"pt-PT\"},{\"@type\":\"Organization\",\"@id\":\"https:\/\/interreg-sudoe.eu\/pt-pt\/#organization\",\"name\":\"Interreg Sudoe\",\"alternateName\":\"Interreg Sudoe\",\"url\":\"https:\/\/interreg-sudoe.eu\/pt-pt\/\",\"logo\":{\"@type\":\"ImageObject\",\"inLanguage\":\"pt-PT\",\"@id\":\"https:\/\/interreg-sudoe.eu\/pt-pt\/#\/schema\/logo\/image\/\",\"url\":\"https:\/\/interreg-sudoe.eu\/wp-content\/uploads\/2024\/03\/logo-interreg.png\",\"contentUrl\":\"https:\/\/interreg-sudoe.eu\/wp-content\/uploads\/2024\/03\/logo-interreg.png\",\"width\":1200,\"height\":675,\"caption\":\"Interreg Sudoe\"},\"image\":{\"@id\":\"https:\/\/interreg-sudoe.eu\/pt-pt\/#\/schema\/logo\/image\/\"},\"sameAs\":[\"https:\/\/www.facebook.com\/interregsudoe\",\"https:\/\/x.com\/Sudoe5\",\"https:\/\/www.youtube.com\/channel\/UCeGx2edoB32beRc9dbKA2vw\",\"https:\/\/www.linkedin.com\/company\/interreg-sudoe-programme\/\",\"https:\/\/www.flickr.com\/photos\/148704685@N06\/\"]}]}<\/script>\n<!-- \/ Yoast SEO plugin. -->","yoast_head_json":{"title":"Os 3 casos piloto - Interreg Sudoe","robots":{"index":"index","follow":"follow","max-snippet":"max-snippet:-1","max-image-preview":"max-image-preview:large","max-video-preview":"max-video-preview:-1"},"canonical":"https:\/\/interreg-sudoe.eu\/pt-pt\/piloto-proyecto-27\/os-3-casos-piloto\/","og_locale":"pt_PT","og_type":"article","og_title":"Os 3 casos piloto - Interreg Sudoe","og_description":"Pelo menos 3 casos-piloto (1 por pa\u00eds) actuam como laborat\u00f3rios vivos, oferecendo li\u00e7\u00f5es concretas e permitindo que o Sistema de Apoio \u00e0 Decis\u00e3o (SAD) seja testado, enriquecido por feedback e novos conhecimentos. Estes casos-piloto n\u00e3o s\u00f3 fornecem dados pr\u00e1ticos, como tamb\u00e9m ajudam a refor\u00e7ar as compet\u00eancias estrat\u00e9gicas e operacionais dos administradores das cidades termais. O feedback obtido facilita a optimiza\u00e7\u00e3o das infraestruturas ligadas \u00e0 \u00e1gua termal, bem como a implementa\u00e7\u00e3o de medidas eficazes de adapta\u00e7\u00e3o \u00e0s altera\u00e7\u00f5es clim\u00e1ticas. Esta abordagem pr\u00e1ctica visa promover benef\u00edcios econ\u00f3micos tanto para os operadores como para os decisores pol\u00edticos, consolidando assim a gest\u00e3o sustent\u00e1vel da \u00e1gua termal nas regi\u00f5es termais do SUDOE. Estes 3 casos-piloto s\u00e3o iniciativas concretas destinadas a testar e demonstrar as solu\u00e7\u00f5es inovadoras desenvolvidas para a gest\u00e3o sustent\u00e1vel das nascentes termais. O objectivo \u00e9 p\u00f4r em pr\u00e1ctica os conhecimentos adquiridos, recolher dados vis\u00edveis dos quais resultem ensinamentos valiosos que contribuam para o processo de adapta\u00e7\u00e3o \u00e0s altera\u00e7\u00f5es clim\u00e1ticas. Estas ac\u00e7\u00f5es-pilotos representam etapas cruciais na transforma\u00e7\u00e3o de conceitos te\u00f3ricos em solu\u00e7\u00f5es operacionais, contribuindo assim para a realiza\u00e7\u00e3o dos objectivos do projeto.","og_url":"https:\/\/interreg-sudoe.eu\/pt-pt\/piloto-proyecto-27\/os-3-casos-piloto\/","og_site_name":"Interreg Sudoe","article_publisher":"https:\/\/www.facebook.com\/interregsudoe","article_modified_time":"2026-02-19T16:02:07+00:00","og_image":[{"width":344,"height":147,"url":"https:\/\/interreg-sudoe.eu\/wp-content\/uploads\/2024\/03\/download.png","type":"image\/png"}],"twitter_card":"summary_large_image","twitter_site":"@Sudoe5","twitter_misc":{"Tempo estimado de leitura":"1 minuto"},"schema":{"@context":"https:\/\/schema.org","@graph":[{"@type":"WebPage","@id":"https:\/\/interreg-sudoe.eu\/pt-pt\/piloto-proyecto-27\/os-3-casos-piloto\/","url":"https:\/\/interreg-sudoe.eu\/pt-pt\/piloto-proyecto-27\/os-3-casos-piloto\/","name":"Os 3 casos piloto - Interreg Sudoe","isPartOf":{"@id":"https:\/\/interreg-sudoe.eu\/pt-pt\/#website"},"datePublished":"2024-05-30T17:05:05+00:00","dateModified":"2026-02-19T16:02:07+00:00","breadcrumb":{"@id":"https:\/\/interreg-sudoe.eu\/pt-pt\/piloto-proyecto-27\/os-3-casos-piloto\/#breadcrumb"},"inLanguage":"pt-PT","potentialAction":[{"@type":"ReadAction","target":["https:\/\/interreg-sudoe.eu\/pt-pt\/piloto-proyecto-27\/os-3-casos-piloto\/"]}]},{"@type":"BreadcrumbList","@id":"https:\/\/interreg-sudoe.eu\/pt-pt\/piloto-proyecto-27\/os-3-casos-piloto\/#breadcrumb","itemListElement":[{"@type":"ListItem","position":1,"name":"Home","item":"https:\/\/interreg-sudoe.eu\/pt-pt\/"},{"@type":"ListItem","position":2,"name":"Os 3 casos piloto"}]},{"@type":"WebSite","@id":"https:\/\/interreg-sudoe.eu\/pt-pt\/#website","url":"https:\/\/interreg-sudoe.eu\/pt-pt\/","name":"Interreg Sudoe","description":"Interreg Sudoe","publisher":{"@id":"https:\/\/interreg-sudoe.eu\/pt-pt\/#organization"},"alternateName":"Interreg Sudoe","potentialAction":[{"@type":"SearchAction","target":{"@type":"EntryPoint","urlTemplate":"https:\/\/interreg-sudoe.eu\/pt-pt\/?s={search_term_string}"},"query-input":{"@type":"PropertyValueSpecification","valueRequired":true,"valueName":"search_term_string"}}],"inLanguage":"pt-PT"},{"@type":"Organization","@id":"https:\/\/interreg-sudoe.eu\/pt-pt\/#organization","name":"Interreg Sudoe","alternateName":"Interreg Sudoe","url":"https:\/\/interreg-sudoe.eu\/pt-pt\/","logo":{"@type":"ImageObject","inLanguage":"pt-PT","@id":"https:\/\/interreg-sudoe.eu\/pt-pt\/#\/schema\/logo\/image\/","url":"https:\/\/interreg-sudoe.eu\/wp-content\/uploads\/2024\/03\/logo-interreg.png","contentUrl":"https:\/\/interreg-sudoe.eu\/wp-content\/uploads\/2024\/03\/logo-interreg.png","width":1200,"height":675,"caption":"Interreg Sudoe"},"image":{"@id":"https:\/\/interreg-sudoe.eu\/pt-pt\/#\/schema\/logo\/image\/"},"sameAs":["https:\/\/www.facebook.com\/interregsudoe","https:\/\/x.com\/Sudoe5","https:\/\/www.youtube.com\/channel\/UCeGx2edoB32beRc9dbKA2vw","https:\/\/www.linkedin.com\/company\/interreg-sudoe-programme\/","https:\/\/www.flickr.com\/photos\/148704685@N06\/"]}]}},"_links":{"self":[{"href":"https:\/\/interreg-sudoe.eu\/pt-pt\/wp-json\/wp\/v2\/piloto-proyecto-27\/35748","targetHints":{"allow":["GET"]}}],"collection":[{"href":"https:\/\/interreg-sudoe.eu\/pt-pt\/wp-json\/wp\/v2\/piloto-proyecto-27"}],"about":[{"href":"https:\/\/interreg-sudoe.eu\/pt-pt\/wp-json\/wp\/v2\/types\/piloto-proyecto-27"}],"author":[{"embeddable":true,"href":"https:\/\/interreg-sudoe.eu\/pt-pt\/wp-json\/wp\/v2\/users\/6514"}],"wp:attachment":[{"href":"https:\/\/interreg-sudoe.eu\/pt-pt\/wp-json\/wp\/v2\/media?parent=35748"}],"wp:term":[{"taxonomy":"convocatoria-proyecto-27","embeddable":true,"href":"https:\/\/interreg-sudoe.eu\/pt-pt\/wp-json\/wp\/v2\/convocatoria-proyecto-27?post=35748"},{"taxonomy":"estado-proyecto-27","embeddable":true,"href":"https:\/\/interreg-sudoe.eu\/pt-pt\/wp-json\/wp\/v2\/estado-proyecto-27?post=35748"},{"taxonomy":"objetivo-especifico-proyecto-27","embeddable":true,"href":"https:\/\/interreg-sudoe.eu\/pt-pt\/wp-json\/wp\/v2\/objetivo-especifico-proyecto-27?post=35748"},{"taxonomy":"pais-proyecto-27","embeddable":true,"href":"https:\/\/interreg-sudoe.eu\/pt-pt\/wp-json\/wp\/v2\/pais-proyecto-27?post=35748"},{"taxonomy":"periodo","embeddable":true,"href":"https:\/\/interreg-sudoe.eu\/pt-pt\/wp-json\/wp\/v2\/periodo?post=35748"},{"taxonomy":"prioridad-proyecto-27","embeddable":true,"href":"https:\/\/interreg-sudoe.eu\/pt-pt\/wp-json\/wp\/v2\/prioridad-proyecto-27?post=35748"},{"taxonomy":"publico-objetivo","embeddable":true,"href":"https:\/\/interreg-sudoe.eu\/pt-pt\/wp-json\/wp\/v2\/publico-objetivo?post=35748"},{"taxonomy":"region-proyecto-27","embeddable":true,"href":"https:\/\/interreg-sudoe.eu\/pt-pt\/wp-json\/wp\/v2\/region-proyecto-27?post=35748"},{"taxonomy":"tematica-proyecto-27","embeddable":true,"href":"https:\/\/interreg-sudoe.eu\/pt-pt\/wp-json\/wp\/v2\/tematica-proyecto-27?post=35748"}],"curies":[{"name":"wp","href":"https:\/\/api.w.org\/{rel}","templated":true}]}}