{"id":72016,"date":"2026-09-04T11:31:22","date_gmt":"2026-09-04T09:31:22","guid":{"rendered":"https:\/\/interreg-sudoe.eu\/piloto-proyecto-27\/fashion-forward-calculo-de-la-huella-de-carbono-e-hidrica-de-productos-textiles\/"},"modified":"2026-09-04T11:54:45","modified_gmt":"2026-09-04T09:54:45","slug":"fashion-forward-calculo-de-la-huella-de-carbono-e-hidrica-de-productos-textiles","status":"publish","type":"piloto-proyecto-27","link":"https:\/\/interreg-sudoe.eu\/pt-pt\/piloto-proyecto-27\/fashion-forward-calculo-de-la-huella-de-carbono-e-hidrica-de-productos-textiles\/","title":{"rendered":"Fashion Forward | C\u00e1lculo das pegadas de carbono e h\u00eddricas de produtos t\u00eaxteis"},"content":{"rendered":"<p style=\"text-align: justify;\"><strong>INFORMA\u00c7\u00d5ES GERAIS DO PROJETO PILOTO<\/strong><\/p>\n<ul style=\"text-align: justify;\">\n<li><strong>Nome do projeto piloto:<\/strong> C\u00e1lculo das pegadas de carbono e h\u00eddricas de produtos t\u00eaxteis<\/li>\n<li><strong>Partner(s) respons\u00e1vel(is):<\/strong> MODACC<\/li>\n<li><strong>Localiza\u00e7\u00e3o<\/strong>:\n<ul>\n<li>Recolha de dados: Nos tr\u00eas pa\u00edses<\/li>\n<li>Tratamento e an\u00e1lise de dados: Barcelona<\/li>\n<\/ul>\n<\/li>\n<li><strong>Dura\u00e7\u00e3o<\/strong>: Outubro de 2025 a Maio\/Junho de 2026<\/li>\n<\/ul>\n<p style=\"text-align: justify;\">\n<p style=\"text-align: justify;\"><strong>CONTEXTO E PROBLEMA<\/strong><\/p>\n<p style=\"text-align: justify;\">Este projeto-piloto auxilia as empresas que pretendam implementar um plano de sustentabilidade ou iniciar a transforma\u00e7\u00e3o do seu processo de design para se adaptarem \u00e0 nova Diretiva de Ecodesign. Para reduzir o impacto ambiental dos produtos e propor altera\u00e7\u00f5es, \u00e9 necess\u00e1rio analisar a situa\u00e7\u00e3o atual e estabelecer uma linha de base. Uma forma de o conseguir \u00e9 determinando as pegadas de carbono e h\u00eddrica dos produtos atrav\u00e9s de uma avalia\u00e7\u00e3o do ciclo de vida.<\/p>\n<p style=\"text-align: justify;\">\n<p style=\"text-align: justify;\"><strong>OBJETIVO DO PROJETO PILOTO<\/strong><\/p>\n<p style=\"text-align: justify;\">O principal objetivo \u00e9 avaliar o impacto ambiental de tr\u00eas produtos de cada uma das quinze marcas participantes. Esta avalia\u00e7\u00e3o envolver\u00e1 a identifica\u00e7\u00e3o de pontos cr\u00edticos nas cadeias de valor e o fornecimento de recomenda\u00e7\u00f5es para melhorar o desempenho ambiental.<\/p>\n<p style=\"text-align: justify;\">\n<p style=\"text-align: justify;\"><strong>SOLU\u00c7\u00c3O PROPOSTA \/ INOVA\u00c7\u00c3O<\/strong><\/p>\n<p style=\"text-align: justify;\">As empresas aprendem a utilizar sistemas de avalia\u00e7\u00e3o do ciclo de vida. Estas ferramentas ajudam-nas a compreender o seu impacto e a sistematizar a gest\u00e3o da cadeia de valor, garantindo o acesso a dados organizados e abrangentes ao longo de todo o processo produtivo.<\/p>\n<p style=\"text-align: justify;\">Os resultados servir\u00e3o de base para definir as melhores pr\u00e1ticas do setor e estrat\u00e9gias de ecodesign aplic\u00e1veis \u200b\u200ba toda a ind\u00fastria.<\/p>\n<p style=\"text-align: justify;\">\n<p style=\"text-align: justify;\"><strong>PRINCIPAIS A\u00c7\u00d5ES<\/strong><\/p>\n<ul style=\"text-align: justify;\">\n<li>Recolha de dados (composi\u00e7\u00e3o e peso das mat\u00e9rias-primas, processo de fabrico, tratamentos, origem dos materiais e fornecedores, log\u00edstica, embalagem, utiliza\u00e7\u00e3o e fim de vida \u00fatil)<\/li>\n<li>Inser\u00e7\u00e3o de dados<\/li>\n<li>Interpreta\u00e7\u00e3o dos dados e an\u00e1lise dos resultados<\/li>\n<li>Relat\u00f3rio de resultados individuais para cada empresa<\/li>\n<li>Relat\u00f3rio de melhores pr\u00e1ticas<\/li>\n<\/ul>\n<p style=\"text-align: justify;\">\n<p style=\"text-align: justify;\"><strong>PRINCIPAIS INDICADORES<\/strong><\/p>\n<ul>\n<li style=\"text-align: justify;\">N\u00famero de produtos analisados: 45<\/li>\n<li style=\"text-align: justify;\">N\u00famero de empresas envolvidas: 15<\/li>\n<\/ul>\n","protected":false},"excerpt":{"rendered":"<p>&#8220;O alcance das pe\u00e7as de vestu\u00e1rio vai para al\u00e9m da loja ou do guarda-roupa; t\u00eam um impacto direto e quantific\u00e1vel no ambiente. Atrav\u00e9s da Avalia\u00e7\u00e3o do Ciclo de Vida (ACV), podemos determinar os recursos consumidos por uma pe\u00e7a de vestu\u00e1rio ou as emiss\u00f5es geradas.&#8221;<\/p>\n","protected":false},"author":6620,"featured_media":0,"template":"","meta":{"_acf_changed":false,"content-type":"","_monsterinsights_skip_tracking":false,"_members_access_role":[],"_members_access_error":""},"convocatoria-proyecto-27":[],"estado-proyecto-27":[3364],"objetivo-especifico-proyecto-27":[4092],"pais-proyecto-27":[],"periodo":[3557],"prioridad-proyecto-27":[3275],"publico-objetivo":[],"region-proyecto-27":[],"tematica-proyecto-27":[],"class_list":["post-72016","piloto-proyecto-27","type-piloto-proyecto-27","status-publish","hentry","estado-proyecto-27-em-curso","objetivo-especifico-proyecto-27-1-4-desarrollar-capacidades-para-la-especializacion-inteligente-la-transicion-industrial-y-el-emprendimiento","periodo-2021-2027-pt-pt","prioridad-proyecto-27-2-promover-a-coesao-social-e-o-equilibrio-territorial-e-demografico-no-sudoe-atraves-da-inovacao-e-transformacao-dos-sectores-produtivos"],"acf":[],"yoast_head":"<!-- This site is optimized with the Yoast SEO plugin v28.3 - https:\/\/yoast.com\/product\/yoast-seo-wordpress\/ -->\n<title>Fashion Forward | C\u00e1lculo das pegadas de carbono e h\u00eddricas de produtos t\u00eaxteis - Interreg Sudoe<\/title>\n<meta name=\"robots\" content=\"index, follow, max-snippet:-1, max-image-preview:large, max-video-preview:-1\" \/>\n<link rel=\"canonical\" href=\"https:\/\/interreg-sudoe.eu\/pt-pt\/piloto-proyecto-27\/fashion-forward-calculo-de-la-huella-de-carbono-e-hidrica-de-productos-textiles\/\" \/>\n<meta property=\"og:locale\" content=\"pt_PT\" \/>\n<meta property=\"og:type\" content=\"article\" \/>\n<meta property=\"og:title\" content=\"Fashion Forward | C\u00e1lculo das pegadas de carbono e h\u00eddricas de produtos t\u00eaxteis - Interreg Sudoe\" \/>\n<meta property=\"og:description\" content=\"&quot;O alcance das pe\u00e7as de vestu\u00e1rio vai para al\u00e9m da loja ou do guarda-roupa; t\u00eam um impacto direto e quantific\u00e1vel no ambiente. Atrav\u00e9s da Avalia\u00e7\u00e3o do Ciclo de Vida (ACV), podemos determinar os recursos consumidos por uma pe\u00e7a de vestu\u00e1rio ou as emiss\u00f5es geradas.&quot;\" \/>\n<meta property=\"og:url\" content=\"https:\/\/interreg-sudoe.eu\/pt-pt\/piloto-proyecto-27\/fashion-forward-calculo-de-la-huella-de-carbono-e-hidrica-de-productos-textiles\/\" \/>\n<meta property=\"og:site_name\" content=\"Interreg Sudoe\" \/>\n<meta property=\"article:publisher\" content=\"https:\/\/www.facebook.com\/interregsudoe\" \/>\n<meta property=\"article:modified_time\" content=\"2026-09-04T09:54:45+00:00\" \/>\n<meta property=\"og:image\" content=\"https:\/\/interreg-sudoe.eu\/wp-content\/uploads\/2024\/03\/download.png\" \/>\n\t<meta property=\"og:image:width\" content=\"344\" \/>\n\t<meta property=\"og:image:height\" content=\"147\" \/>\n\t<meta property=\"og:image:type\" content=\"image\/png\" \/>\n<meta name=\"twitter:card\" content=\"summary_large_image\" \/>\n<meta name=\"twitter:site\" content=\"@Sudoe5\" \/>\n<meta name=\"twitter:label1\" content=\"Tempo estimado de leitura\" \/>\n\t<meta name=\"twitter:data1\" content=\"2 minutos\" \/>\n<script type=\"application\/ld+json\" class=\"yoast-schema-graph\">{\"@context\":\"https:\\\/\\\/schema.org\",\"@graph\":[{\"@type\":\"WebPage\",\"@id\":\"https:\\\/\\\/interreg-sudoe.eu\\\/pt-pt\\\/piloto-proyecto-27\\\/fashion-forward-calculo-de-la-huella-de-carbono-e-hidrica-de-productos-textiles\\\/\",\"url\":\"https:\\\/\\\/interreg-sudoe.eu\\\/pt-pt\\\/piloto-proyecto-27\\\/fashion-forward-calculo-de-la-huella-de-carbono-e-hidrica-de-productos-textiles\\\/\",\"name\":\"Fashion Forward | C\u00e1lculo das pegadas de carbono e h\u00eddricas de produtos t\u00eaxteis - Interreg Sudoe\",\"isPartOf\":{\"@id\":\"https:\\\/\\\/interreg-sudoe.eu\\\/pt-pt\\\/#website\"},\"datePublished\":\"2026-09-04T09:31:22+00:00\",\"dateModified\":\"2026-09-04T09:54:45+00:00\",\"breadcrumb\":{\"@id\":\"https:\\\/\\\/interreg-sudoe.eu\\\/pt-pt\\\/piloto-proyecto-27\\\/fashion-forward-calculo-de-la-huella-de-carbono-e-hidrica-de-productos-textiles\\\/#breadcrumb\"},\"inLanguage\":\"pt-PT\",\"potentialAction\":[{\"@type\":\"ReadAction\",\"target\":[\"https:\\\/\\\/interreg-sudoe.eu\\\/pt-pt\\\/piloto-proyecto-27\\\/fashion-forward-calculo-de-la-huella-de-carbono-e-hidrica-de-productos-textiles\\\/\"]}]},{\"@type\":\"BreadcrumbList\",\"@id\":\"https:\\\/\\\/interreg-sudoe.eu\\\/pt-pt\\\/piloto-proyecto-27\\\/fashion-forward-calculo-de-la-huella-de-carbono-e-hidrica-de-productos-textiles\\\/#breadcrumb\",\"itemListElement\":[{\"@type\":\"ListItem\",\"position\":1,\"name\":\"Home\",\"item\":\"https:\\\/\\\/interreg-sudoe.eu\\\/pt-pt\\\/\"},{\"@type\":\"ListItem\",\"position\":2,\"name\":\"Fashion Forward | C\u00e1lculo das pegadas de carbono e h\u00eddricas de produtos t\u00eaxteis\"}]},{\"@type\":\"WebSite\",\"@id\":\"https:\\\/\\\/interreg-sudoe.eu\\\/pt-pt\\\/#website\",\"url\":\"https:\\\/\\\/interreg-sudoe.eu\\\/pt-pt\\\/\",\"name\":\"Interreg Sudoe\",\"description\":\"Interreg Sudoe\",\"publisher\":{\"@id\":\"https:\\\/\\\/interreg-sudoe.eu\\\/pt-pt\\\/#organization\"},\"alternateName\":\"Interreg Sudoe\",\"potentialAction\":[{\"@type\":\"SearchAction\",\"target\":{\"@type\":\"EntryPoint\",\"urlTemplate\":\"https:\\\/\\\/interreg-sudoe.eu\\\/pt-pt\\\/?s={search_term_string}\"},\"query-input\":{\"@type\":\"PropertyValueSpecification\",\"valueRequired\":true,\"valueName\":\"search_term_string\"}}],\"inLanguage\":\"pt-PT\"},{\"@type\":\"Organization\",\"@id\":\"https:\\\/\\\/interreg-sudoe.eu\\\/pt-pt\\\/#organization\",\"name\":\"Interreg Sudoe\",\"alternateName\":\"Interreg Sudoe\",\"url\":\"https:\\\/\\\/interreg-sudoe.eu\\\/pt-pt\\\/\",\"logo\":{\"@type\":\"ImageObject\",\"inLanguage\":\"pt-PT\",\"@id\":\"https:\\\/\\\/interreg-sudoe.eu\\\/pt-pt\\\/#\\\/schema\\\/logo\\\/image\\\/\",\"url\":\"https:\\\/\\\/interreg-sudoe.eu\\\/wp-content\\\/uploads\\\/2024\\\/03\\\/logo-interreg.png\",\"contentUrl\":\"https:\\\/\\\/interreg-sudoe.eu\\\/wp-content\\\/uploads\\\/2024\\\/03\\\/logo-interreg.png\",\"width\":1200,\"height\":675,\"caption\":\"Interreg Sudoe\"},\"image\":{\"@id\":\"https:\\\/\\\/interreg-sudoe.eu\\\/pt-pt\\\/#\\\/schema\\\/logo\\\/image\\\/\"},\"sameAs\":[\"https:\\\/\\\/www.facebook.com\\\/interregsudoe\",\"https:\\\/\\\/x.com\\\/Sudoe5\",\"https:\\\/\\\/www.youtube.com\\\/channel\\\/UCeGx2edoB32beRc9dbKA2vw\",\"https:\\\/\\\/www.linkedin.com\\\/company\\\/interreg-sudoe-programme\\\/\",\"https:\\\/\\\/www.flickr.com\\\/photos\\\/148704685@N06\\\/\"]}]}<\/script>\n<!-- \/ Yoast SEO plugin. -->","yoast_head_json":{"title":"Fashion Forward | C\u00e1lculo das pegadas de carbono e h\u00eddricas de produtos t\u00eaxteis - Interreg Sudoe","robots":{"index":"index","follow":"follow","max-snippet":"max-snippet:-1","max-image-preview":"max-image-preview:large","max-video-preview":"max-video-preview:-1"},"canonical":"https:\/\/interreg-sudoe.eu\/pt-pt\/piloto-proyecto-27\/fashion-forward-calculo-de-la-huella-de-carbono-e-hidrica-de-productos-textiles\/","og_locale":"pt_PT","og_type":"article","og_title":"Fashion Forward | C\u00e1lculo das pegadas de carbono e h\u00eddricas de produtos t\u00eaxteis - Interreg Sudoe","og_description":"\"O alcance das pe\u00e7as de vestu\u00e1rio vai para al\u00e9m da loja ou do guarda-roupa; t\u00eam um impacto direto e quantific\u00e1vel no ambiente. Atrav\u00e9s da Avalia\u00e7\u00e3o do Ciclo de Vida (ACV), podemos determinar os recursos consumidos por uma pe\u00e7a de vestu\u00e1rio ou as emiss\u00f5es geradas.\"","og_url":"https:\/\/interreg-sudoe.eu\/pt-pt\/piloto-proyecto-27\/fashion-forward-calculo-de-la-huella-de-carbono-e-hidrica-de-productos-textiles\/","og_site_name":"Interreg Sudoe","article_publisher":"https:\/\/www.facebook.com\/interregsudoe","article_modified_time":"2026-09-04T09:54:45+00:00","og_image":[{"width":344,"height":147,"url":"https:\/\/interreg-sudoe.eu\/wp-content\/uploads\/2024\/03\/download.png","type":"image\/png"}],"twitter_card":"summary_large_image","twitter_site":"@Sudoe5","twitter_misc":{"Tempo estimado de leitura":"2 minutos"},"schema":{"@context":"https:\/\/schema.org","@graph":[{"@type":"WebPage","@id":"https:\/\/interreg-sudoe.eu\/pt-pt\/piloto-proyecto-27\/fashion-forward-calculo-de-la-huella-de-carbono-e-hidrica-de-productos-textiles\/","url":"https:\/\/interreg-sudoe.eu\/pt-pt\/piloto-proyecto-27\/fashion-forward-calculo-de-la-huella-de-carbono-e-hidrica-de-productos-textiles\/","name":"Fashion Forward | C\u00e1lculo das pegadas de carbono e h\u00eddricas de produtos t\u00eaxteis - Interreg Sudoe","isPartOf":{"@id":"https:\/\/interreg-sudoe.eu\/pt-pt\/#website"},"datePublished":"2026-09-04T09:31:22+00:00","dateModified":"2026-09-04T09:54:45+00:00","breadcrumb":{"@id":"https:\/\/interreg-sudoe.eu\/pt-pt\/piloto-proyecto-27\/fashion-forward-calculo-de-la-huella-de-carbono-e-hidrica-de-productos-textiles\/#breadcrumb"},"inLanguage":"pt-PT","potentialAction":[{"@type":"ReadAction","target":["https:\/\/interreg-sudoe.eu\/pt-pt\/piloto-proyecto-27\/fashion-forward-calculo-de-la-huella-de-carbono-e-hidrica-de-productos-textiles\/"]}]},{"@type":"BreadcrumbList","@id":"https:\/\/interreg-sudoe.eu\/pt-pt\/piloto-proyecto-27\/fashion-forward-calculo-de-la-huella-de-carbono-e-hidrica-de-productos-textiles\/#breadcrumb","itemListElement":[{"@type":"ListItem","position":1,"name":"Home","item":"https:\/\/interreg-sudoe.eu\/pt-pt\/"},{"@type":"ListItem","position":2,"name":"Fashion Forward | C\u00e1lculo das pegadas de carbono e h\u00eddricas de produtos t\u00eaxteis"}]},{"@type":"WebSite","@id":"https:\/\/interreg-sudoe.eu\/pt-pt\/#website","url":"https:\/\/interreg-sudoe.eu\/pt-pt\/","name":"Interreg Sudoe","description":"Interreg Sudoe","publisher":{"@id":"https:\/\/interreg-sudoe.eu\/pt-pt\/#organization"},"alternateName":"Interreg Sudoe","potentialAction":[{"@type":"SearchAction","target":{"@type":"EntryPoint","urlTemplate":"https:\/\/interreg-sudoe.eu\/pt-pt\/?s={search_term_string}"},"query-input":{"@type":"PropertyValueSpecification","valueRequired":true,"valueName":"search_term_string"}}],"inLanguage":"pt-PT"},{"@type":"Organization","@id":"https:\/\/interreg-sudoe.eu\/pt-pt\/#organization","name":"Interreg Sudoe","alternateName":"Interreg Sudoe","url":"https:\/\/interreg-sudoe.eu\/pt-pt\/","logo":{"@type":"ImageObject","inLanguage":"pt-PT","@id":"https:\/\/interreg-sudoe.eu\/pt-pt\/#\/schema\/logo\/image\/","url":"https:\/\/interreg-sudoe.eu\/wp-content\/uploads\/2024\/03\/logo-interreg.png","contentUrl":"https:\/\/interreg-sudoe.eu\/wp-content\/uploads\/2024\/03\/logo-interreg.png","width":1200,"height":675,"caption":"Interreg Sudoe"},"image":{"@id":"https:\/\/interreg-sudoe.eu\/pt-pt\/#\/schema\/logo\/image\/"},"sameAs":["https:\/\/www.facebook.com\/interregsudoe","https:\/\/x.com\/Sudoe5","https:\/\/www.youtube.com\/channel\/UCeGx2edoB32beRc9dbKA2vw","https:\/\/www.linkedin.com\/company\/interreg-sudoe-programme\/","https:\/\/www.flickr.com\/photos\/148704685@N06\/"]}]}},"_links":{"self":[{"href":"https:\/\/interreg-sudoe.eu\/pt-pt\/wp-json\/wp\/v2\/piloto-proyecto-27\/72016","targetHints":{"allow":["GET"]}}],"collection":[{"href":"https:\/\/interreg-sudoe.eu\/pt-pt\/wp-json\/wp\/v2\/piloto-proyecto-27"}],"about":[{"href":"https:\/\/interreg-sudoe.eu\/pt-pt\/wp-json\/wp\/v2\/types\/piloto-proyecto-27"}],"author":[{"embeddable":true,"href":"https:\/\/interreg-sudoe.eu\/pt-pt\/wp-json\/wp\/v2\/users\/6620"}],"wp:attachment":[{"href":"https:\/\/interreg-sudoe.eu\/pt-pt\/wp-json\/wp\/v2\/media?parent=72016"}],"wp:term":[{"taxonomy":"convocatoria-proyecto-27","embeddable":true,"href":"https:\/\/interreg-sudoe.eu\/pt-pt\/wp-json\/wp\/v2\/convocatoria-proyecto-27?post=72016"},{"taxonomy":"estado-proyecto-27","embeddable":true,"href":"https:\/\/interreg-sudoe.eu\/pt-pt\/wp-json\/wp\/v2\/estado-proyecto-27?post=72016"},{"taxonomy":"objetivo-especifico-proyecto-27","embeddable":true,"href":"https:\/\/interreg-sudoe.eu\/pt-pt\/wp-json\/wp\/v2\/objetivo-especifico-proyecto-27?post=72016"},{"taxonomy":"pais-proyecto-27","embeddable":true,"href":"https:\/\/interreg-sudoe.eu\/pt-pt\/wp-json\/wp\/v2\/pais-proyecto-27?post=72016"},{"taxonomy":"periodo","embeddable":true,"href":"https:\/\/interreg-sudoe.eu\/pt-pt\/wp-json\/wp\/v2\/periodo?post=72016"},{"taxonomy":"prioridad-proyecto-27","embeddable":true,"href":"https:\/\/interreg-sudoe.eu\/pt-pt\/wp-json\/wp\/v2\/prioridad-proyecto-27?post=72016"},{"taxonomy":"publico-objetivo","embeddable":true,"href":"https:\/\/interreg-sudoe.eu\/pt-pt\/wp-json\/wp\/v2\/publico-objetivo?post=72016"},{"taxonomy":"region-proyecto-27","embeddable":true,"href":"https:\/\/interreg-sudoe.eu\/pt-pt\/wp-json\/wp\/v2\/region-proyecto-27?post=72016"},{"taxonomy":"tematica-proyecto-27","embeddable":true,"href":"https:\/\/interreg-sudoe.eu\/pt-pt\/wp-json\/wp\/v2\/tematica-proyecto-27?post=72016"}],"curies":[{"name":"wp","href":"https:\/\/api.w.org\/{rel}","templated":true}]}}