{"id":72036,"date":"2026-09-04T12:26:19","date_gmt":"2026-09-04T10:26:19","guid":{"rendered":"https:\/\/interreg-sudoe.eu\/piloto-proyecto-27\/una-unidad-industrial-local-para-transformar-residuos-textiles-en-nuevas-materias-primas\/"},"modified":"2026-09-04T12:54:07","modified_gmt":"2026-09-04T10:54:07","slug":"una-unidad-industrial-local-para-transformar-residuos-textiles-en-nuevas-materias-primas","status":"publish","type":"piloto-proyecto-27","link":"https:\/\/interreg-sudoe.eu\/pt-pt\/piloto-proyecto-27\/una-unidad-industrial-local-para-transformar-residuos-textiles-en-nuevas-materias-primas\/","title":{"rendered":"Fashion Forward | Uma unidade industrial local para transformar res\u00edduos t\u00eaxteis em novas mat\u00e9rias-primas"},"content":{"rendered":"<p><strong>INFORMA\u00c7\u00d5ES GERAIS DO PROJETO PILOTO<\/strong><\/p>\n<ul>\n<li style=\"text-align: justify;\"><strong>Nome do projeto piloto<\/strong>: RECYCLocal Textiles \u2013 Uma unidade industrial local para transformar res\u00edduos t\u00eaxteis em novas mat\u00e9rias-primas.<\/li>\n<li style=\"text-align: justify;\"><strong>Partner(s) respons\u00e1vel(is)<\/strong>: RECYCL\u2019Occ Textile e RECYCLocal Textiles, em colabora\u00e7\u00e3o com os oito membros fundadores da cooperativa: Buitex, Coleo, Europrotect, Les Filatures du Parc, Paul Boy\u00e9 Technologies, PETshka, Atelier REGAIN e RECYCL\u2019Occ Textile.<\/li>\n<li style=\"text-align: justify;\">A Coleo gere a dire\u00e7\u00e3o geral e operacional da RECYCLocal Textiles, enquanto a RECYCL\u2019Occ Textile det\u00e9m a presid\u00eancia da cooperativa.<\/li>\n<li style=\"text-align: justify;\"><strong>Localiza\u00e7\u00e3o<\/strong>: Le Vernet, Occit\u00e2nia, Fran\u00e7a.<\/li>\n<\/ul>\n<p style=\"text-align: justify;\">Cronograma:<\/p>\n<ul style=\"text-align: justify;\">\n<li>Prepara\u00e7\u00e3o: 2022\u20132023<\/li>\n<li>Implementa\u00e7\u00e3o: 2024 \u2013 1\u00ba semestre de 2025<\/li>\n<li>Fase de testes e lan\u00e7amento operacional: 4\u00ba trimestre de 2025<\/li>\n<li>Ajustes: 4\u00ba trimestre de 2025 \u2013 1\u00ba trimestre de 2026<\/li>\n<li>An\u00e1lise e expans\u00e3o de escala: 2026.<\/li>\n<li>O maquinismo foi instalado em setembro de 2025; os testes iniciais come\u00e7aram em novembro e a produ\u00e7\u00e3o teve in\u00edcio em dezembro de 2025.<\/li>\n<\/ul>\n<p style=\"text-align: justify;\">\n<p style=\"text-align: justify;\"><strong>CONTEXTO E PROBLEMA<\/strong><\/p>\n<p style=\"text-align: justify;\">O desenvolvimento da reciclagem t\u00eaxtil exige capacidade industrial capaz de triar meticulosamente os t\u00eaxteis que j\u00e1 n\u00e3o podem ser reutilizados e encaminh\u00e1-los para vias de reciclagem adequadas.<\/p>\n<p style=\"text-align: justify;\">[ Contexto: Na regi\u00e3o da Occit\u00e2nia, o PTCE (Polo Territorial de Coopera\u00e7\u00e3o Econ\u00f3mica) RECYCL\u2019Occ Textile \u2014 criado em 2021 e composto por quase meia centena de empresas \u2014 elegeu a reciclagem de res\u00edduos t\u00eaxteis como uma das suas prioridades estrat\u00e9gicas. Consequentemente, v\u00e1rios fabricantes e recicladores locais uniram esfor\u00e7os em 2024 para criar a cooperativa RECYCLocal Textiles e desenvolver uma unidade industrial regional dedicada \u00e0 valoriza\u00e7\u00e3o destes materiais.<\/p>\n<p style=\"text-align: justify;\">Os desafios s\u00e3o tanto ambientais como econ\u00f3micos: evitar que os t\u00eaxteis impr\u00f3prios para reutiliza\u00e7\u00e3o sejam incinerados ou enviados para aterros sanit\u00e1rios, produzindo, simultaneamente, mat\u00e9rias-primas secund\u00e1rias de origem local \u2014 com composi\u00e7\u00e3o, origem e qualidade controladas \u2014 para abastecer novas cadeias de reciclagem.<\/p>\n<p>&nbsp;<\/p>\n<p style=\"text-align: justify;\"><strong>OBJETIVO DO PROJETO PILOTO<\/strong><\/p>\n<p style=\"text-align: justify;\">O projeto piloto visa:<\/p>\n<ul style=\"text-align: justify;\">\n<li>desenvolver uma solu\u00e7\u00e3o local \u00e0 escala industrial para a triagem e valoriza\u00e7\u00e3o de res\u00edduos t\u00eaxteis<\/li>\n<li>transformar t\u00eaxteis n\u00e3o reutiliz\u00e1veis \u200b\u200bem mat\u00e9rias-primas secund\u00e1rias adaptadas \u00e0s necessidades dos recicladores<\/li>\n<li>garantir a rastreabilidade do fluxo de materiais e promover a recupera\u00e7\u00e3o dentro de cadeias de valor circulares<\/li>\n<li>conseguir uma taxa de recupera\u00e7\u00e3o de 70% dos t\u00eaxteis recebidos.<\/li>\n<li>A longo prazo, o projecto procura tamb\u00e9m aumentar gradualmente a capacidade de processamento da instala\u00e7\u00e3o para contribuir para o desenvolvimento de um sector regional de reciclagem t\u00eaxtil genu\u00edno.<\/li>\n<\/ul>\n<p style=\"text-align: justify;\">\n<p style=\"text-align: justify;\"><strong>SOLU\u00c7\u00c3O PROPOSTA \/ INOVA\u00c7\u00c3O<\/strong><\/p>\n<p style=\"text-align: justify;\">A RECYCLocal Textiles opera uma instala\u00e7\u00e3o industrial equipada com duas linhas de triagem automatizadas que classificam os t\u00eaxteis de acordo com as exig\u00eancias dos recicladores. Os fluxos processados \u200b\u200bpodem incluir t\u00eaxteis p\u00f3s-consumo, fardas profissionais, t\u00eaxteis t\u00e9cnicos ou retalhos de produ\u00e7\u00e3o. \u00c0 chegada, os materiais s\u00e3o pesados \u200b\u200bpara garantir a rastreabilidade. Quando necess\u00e1rio, \u00e9 realizada uma etapa de pr\u00e9-triagem manual para remover t\u00eaxteis reutiliz\u00e1veis \u200b\u200be artigos que claramente n\u00e3o podem ser recuperados.<\/p>\n<p style=\"text-align: justify;\">Em seguida, os t\u00eaxteis s\u00e3o alimentados nas linhas de triagem. As categorias de triagem s\u00e3o programadas para se alinharem com as especifica\u00e7\u00f5es dos recicladores que ir\u00e3o receber os materiais. Certas fra\u00e7\u00f5es passam por uma prepara\u00e7\u00e3o adicional \u2014 especificamente, a remo\u00e7\u00e3o de componentes r\u00edgidos (como bot\u00f5es ou fechos) que possam interferir no processo de reciclagem.<\/p>\n<p style=\"text-align: justify;\">A inova\u00e7\u00e3o reside n\u00e3o s\u00f3 na tecnologia de triagem, mas tamb\u00e9m na cria\u00e7\u00e3o de uma cadeia de valor industrial local que abrange desde a identifica\u00e7\u00e3o e triagem de res\u00edduos at\u00e9 \u00e0 produ\u00e7\u00e3o e comercializa\u00e7\u00e3o de mat\u00e9rias-primas secund\u00e1rias adaptadas \u00e0s necessidades de recicladores espec\u00edficos.<\/p>\n<p>&nbsp;<\/p>\n<p style=\"text-align: justify;\"><strong>PRINCIPAIS A\u00c7\u00d5ES<\/strong><\/p>\n<ul style=\"text-align: justify;\">\n<li>Remodela\u00e7\u00e3o e adapta\u00e7\u00e3o da instala\u00e7\u00e3o industrial. \u2022 Instala\u00e7\u00e3o e comissionamento de duas linhas de triagem automatizadas.<\/li>\n<li>Implementa\u00e7\u00e3o de um sistema de rastreabilidade e de relat\u00f3rios de fluxo.<\/li>\n<li>Rece\u00e7\u00e3o, pesagem e caracteriza\u00e7\u00e3o de diversos fluxos t\u00eaxteis.<\/li>\n<li>Pr\u00e9-triagem manual quando necess\u00e1rio.<\/li>\n<li>Triagem automatizada com base nas categorias e especifica\u00e7\u00f5es dos recicladores.<\/li>\n<li>Prepara\u00e7\u00e3o de materiais para reciclagem, nomeadamente atrav\u00e9s da abertura de fardos.<\/li>\n<li>Desenvolvimento de canais comerciais para as mat\u00e9rias-primas secund\u00e1rias produzidas.<\/li>\n<li>Recrutamento e forma\u00e7\u00e3o progressiva de operadores locais de rastreio.<\/li>\n<li>Monitoriza\u00e7\u00e3o do desempenho da unidade: tonelagens rececionadas, triadas e retriadas; materiais vendidos; m\u00e3o-de-obra; e indicadores econ\u00f3micos.<\/li>\n<\/ul>\n<p style=\"text-align: justify;\">\n<p style=\"text-align: justify;\"><strong>RESULTADOS ESPERADOS \/ IMPACTO<\/strong><\/p>\n<ul style=\"text-align: justify;\">\n<li>Ambiental: O projecto-piloto desvia os t\u00eaxteis \u2014 para os quais n\u00e3o existe solu\u00e7\u00e3o de reutiliza\u00e7\u00e3o \u2014 da incinera\u00e7\u00e3o ou de aterros sanit\u00e1rios, redireccionando-os para solu\u00e7\u00f5es de valoriza\u00e7\u00e3o de materiais. O objetivo \u00e9 recuperar 70% dos volumes recebidos. Os restantes 30% consistem nos chamados t\u00eaxteis &#8220;\u00f3rf\u00e3os&#8221;, para os quais n\u00e3o existe actualmente solu\u00e7\u00e3o de reciclagem.<\/li>\n<li>Econ\u00f3mico: O RECYCLocal ajuda a estruturar uma cadeia de valor regional de reciclagem t\u00eaxtil e garante o acesso da ind\u00fastria a mat\u00e9rias-primas secund\u00e1rias de origem, composi\u00e7\u00e3o e qualidade conhecidas. O modelo baseia-se principalmente na venda destes materiais, na presta\u00e7\u00e3o de servi\u00e7os a geradores comerciais de res\u00edduos t\u00eaxteis e no apoio do setor de Responsabilidade Estendida do Produtor (REP).<\/li>\n<li>Social: O projeto envolve a integra\u00e7\u00e3o e forma\u00e7\u00e3o de 10 operadores de triagem contratados localmente durante o primeiro ano, com o objetivo de expandir gradualmente a for\u00e7a de trabalho. O relat\u00f3rio destaca ainda o elevado n\u00famero de candidaturas locais e a integra\u00e7\u00e3o bem-sucedida da equipa contratada.<\/li>\n<li>Territorial: O projeto re\u00fane partes interessadas de v\u00e1rias etapas da cadeia de valor t\u00eaxtil numa \u00fanica cooperativa e estabelece liga\u00e7\u00f5es concretas entre os detentores de materiais, os operadores de triagem, os recicladores e os utilizadores industriais de materiais reciclados.<\/li>\n<\/ul>\n<p style=\"text-align: justify;\">\n<p style=\"text-align: justify;\"><strong>PRINCIPAIS INDICADORES<\/strong><\/p>\n<p style=\"text-align: justify;\">Resultados\/Indicadores de 2026:<\/p>\n<ul>\n<li style=\"text-align: justify;\">000 toneladas de t\u00eaxteis transformadas em 2026;<\/li>\n<li style=\"text-align: justify;\">Taxa de recupera\u00e7\u00e3o de 70% atingida;<\/li>\n<li style=\"text-align: justify;\">2 linhas de triagem automatizadas instaladas;<\/li>\n<li style=\"text-align: justify;\">8 membros fundadores que representam diferentes etapas da cadeia de valor t\u00eaxtil;<\/li>\n<li style=\"text-align: justify;\">2,2 milh\u00f5es de euros em investimento industrial;<\/li>\n<li style=\"text-align: justify;\">Objectivo de integrar e formar 10 operadores de rastreio no primeiro ano. O relat\u00f3rio observa que tinha sido estabelecida uma meta inicial de 1.500 toneladas para 2026 \u2014 em compara\u00e7\u00e3o com as 1.000 toneladas efetivamente processadas \u2014 devido, em particular, \u00e0s dificuldades enfrentadas pelo setor t\u00eaxtil e a uma acelera\u00e7\u00e3o mais gradual da produ\u00e7\u00e3o.<\/li>\n<\/ul>\n","protected":false},"excerpt":{"rendered":"<p>&#8220;Com o RECYCLocal Textiles, os t\u00eaxteis que j\u00e1 n\u00e3o podem ser reutilizados s\u00e3o transformados em novas mat\u00e9rias-primas para a ind\u00fastria t\u00eaxtil.&#8221;<\/p>\n","protected":false},"author":6620,"featured_media":0,"template":"","meta":{"_acf_changed":false,"content-type":"","_monsterinsights_skip_tracking":false,"_members_access_role":[],"_members_access_error":""},"convocatoria-proyecto-27":[],"estado-proyecto-27":[3364],"objetivo-especifico-proyecto-27":[4092],"pais-proyecto-27":[],"periodo":[3557],"prioridad-proyecto-27":[3275],"publico-objetivo":[],"region-proyecto-27":[],"tematica-proyecto-27":[],"class_list":["post-72036","piloto-proyecto-27","type-piloto-proyecto-27","status-publish","hentry","estado-proyecto-27-em-curso","objetivo-especifico-proyecto-27-1-4-desarrollar-capacidades-para-la-especializacion-inteligente-la-transicion-industrial-y-el-emprendimiento","periodo-2021-2027-pt-pt","prioridad-proyecto-27-2-promover-a-coesao-social-e-o-equilibrio-territorial-e-demografico-no-sudoe-atraves-da-inovacao-e-transformacao-dos-sectores-produtivos"],"acf":[],"yoast_head":"<!-- This site is optimized with the Yoast SEO plugin v28.3 - https:\/\/yoast.com\/product\/yoast-seo-wordpress\/ -->\n<title>Fashion Forward | Uma unidade industrial local para transformar res\u00edduos t\u00eaxteis em novas mat\u00e9rias-primas - Interreg Sudoe<\/title>\n<meta name=\"robots\" content=\"index, follow, max-snippet:-1, max-image-preview:large, max-video-preview:-1\" \/>\n<link rel=\"canonical\" href=\"https:\/\/interreg-sudoe.eu\/pt-pt\/piloto-proyecto-27\/una-unidad-industrial-local-para-transformar-residuos-textiles-en-nuevas-materias-primas\/\" \/>\n<meta property=\"og:locale\" content=\"pt_PT\" \/>\n<meta property=\"og:type\" content=\"article\" \/>\n<meta property=\"og:title\" content=\"Fashion Forward | Uma unidade industrial local para transformar res\u00edduos t\u00eaxteis em novas mat\u00e9rias-primas - Interreg Sudoe\" \/>\n<meta property=\"og:description\" content=\"&quot;Com o RECYCLocal Textiles, os t\u00eaxteis que j\u00e1 n\u00e3o podem ser reutilizados s\u00e3o transformados em novas mat\u00e9rias-primas para a ind\u00fastria t\u00eaxtil.&quot;\" \/>\n<meta property=\"og:url\" content=\"https:\/\/interreg-sudoe.eu\/pt-pt\/piloto-proyecto-27\/una-unidad-industrial-local-para-transformar-residuos-textiles-en-nuevas-materias-primas\/\" \/>\n<meta property=\"og:site_name\" content=\"Interreg Sudoe\" \/>\n<meta property=\"article:publisher\" content=\"https:\/\/www.facebook.com\/interregsudoe\" \/>\n<meta property=\"article:modified_time\" content=\"2026-09-04T10:54:07+00:00\" \/>\n<meta property=\"og:image\" content=\"https:\/\/interreg-sudoe.eu\/wp-content\/uploads\/2024\/03\/download.png\" \/>\n\t<meta property=\"og:image:width\" content=\"344\" \/>\n\t<meta property=\"og:image:height\" content=\"147\" \/>\n\t<meta property=\"og:image:type\" content=\"image\/png\" \/>\n<meta name=\"twitter:card\" content=\"summary_large_image\" \/>\n<meta name=\"twitter:site\" content=\"@Sudoe5\" \/>\n<meta name=\"twitter:label1\" content=\"Tempo estimado de leitura\" \/>\n\t<meta name=\"twitter:data1\" content=\"5 minutos\" \/>\n<script type=\"application\/ld+json\" class=\"yoast-schema-graph\">{\"@context\":\"https:\\\/\\\/schema.org\",\"@graph\":[{\"@type\":\"WebPage\",\"@id\":\"https:\\\/\\\/interreg-sudoe.eu\\\/pt-pt\\\/piloto-proyecto-27\\\/una-unidad-industrial-local-para-transformar-residuos-textiles-en-nuevas-materias-primas\\\/\",\"url\":\"https:\\\/\\\/interreg-sudoe.eu\\\/pt-pt\\\/piloto-proyecto-27\\\/una-unidad-industrial-local-para-transformar-residuos-textiles-en-nuevas-materias-primas\\\/\",\"name\":\"Fashion Forward | Uma unidade industrial local para transformar res\u00edduos t\u00eaxteis em novas mat\u00e9rias-primas - Interreg Sudoe\",\"isPartOf\":{\"@id\":\"https:\\\/\\\/interreg-sudoe.eu\\\/pt-pt\\\/#website\"},\"datePublished\":\"2026-09-04T10:26:19+00:00\",\"dateModified\":\"2026-09-04T10:54:07+00:00\",\"breadcrumb\":{\"@id\":\"https:\\\/\\\/interreg-sudoe.eu\\\/pt-pt\\\/piloto-proyecto-27\\\/una-unidad-industrial-local-para-transformar-residuos-textiles-en-nuevas-materias-primas\\\/#breadcrumb\"},\"inLanguage\":\"pt-PT\",\"potentialAction\":[{\"@type\":\"ReadAction\",\"target\":[\"https:\\\/\\\/interreg-sudoe.eu\\\/pt-pt\\\/piloto-proyecto-27\\\/una-unidad-industrial-local-para-transformar-residuos-textiles-en-nuevas-materias-primas\\\/\"]}]},{\"@type\":\"BreadcrumbList\",\"@id\":\"https:\\\/\\\/interreg-sudoe.eu\\\/pt-pt\\\/piloto-proyecto-27\\\/una-unidad-industrial-local-para-transformar-residuos-textiles-en-nuevas-materias-primas\\\/#breadcrumb\",\"itemListElement\":[{\"@type\":\"ListItem\",\"position\":1,\"name\":\"Home\",\"item\":\"https:\\\/\\\/interreg-sudoe.eu\\\/pt-pt\\\/\"},{\"@type\":\"ListItem\",\"position\":2,\"name\":\"Fashion Forward | Uma unidade industrial local para transformar res\u00edduos t\u00eaxteis em novas mat\u00e9rias-primas\"}]},{\"@type\":\"WebSite\",\"@id\":\"https:\\\/\\\/interreg-sudoe.eu\\\/pt-pt\\\/#website\",\"url\":\"https:\\\/\\\/interreg-sudoe.eu\\\/pt-pt\\\/\",\"name\":\"Interreg Sudoe\",\"description\":\"Interreg Sudoe\",\"publisher\":{\"@id\":\"https:\\\/\\\/interreg-sudoe.eu\\\/pt-pt\\\/#organization\"},\"alternateName\":\"Interreg Sudoe\",\"potentialAction\":[{\"@type\":\"SearchAction\",\"target\":{\"@type\":\"EntryPoint\",\"urlTemplate\":\"https:\\\/\\\/interreg-sudoe.eu\\\/pt-pt\\\/?s={search_term_string}\"},\"query-input\":{\"@type\":\"PropertyValueSpecification\",\"valueRequired\":true,\"valueName\":\"search_term_string\"}}],\"inLanguage\":\"pt-PT\"},{\"@type\":\"Organization\",\"@id\":\"https:\\\/\\\/interreg-sudoe.eu\\\/pt-pt\\\/#organization\",\"name\":\"Interreg Sudoe\",\"alternateName\":\"Interreg Sudoe\",\"url\":\"https:\\\/\\\/interreg-sudoe.eu\\\/pt-pt\\\/\",\"logo\":{\"@type\":\"ImageObject\",\"inLanguage\":\"pt-PT\",\"@id\":\"https:\\\/\\\/interreg-sudoe.eu\\\/pt-pt\\\/#\\\/schema\\\/logo\\\/image\\\/\",\"url\":\"https:\\\/\\\/interreg-sudoe.eu\\\/wp-content\\\/uploads\\\/2024\\\/03\\\/logo-interreg.png\",\"contentUrl\":\"https:\\\/\\\/interreg-sudoe.eu\\\/wp-content\\\/uploads\\\/2024\\\/03\\\/logo-interreg.png\",\"width\":1200,\"height\":675,\"caption\":\"Interreg Sudoe\"},\"image\":{\"@id\":\"https:\\\/\\\/interreg-sudoe.eu\\\/pt-pt\\\/#\\\/schema\\\/logo\\\/image\\\/\"},\"sameAs\":[\"https:\\\/\\\/www.facebook.com\\\/interregsudoe\",\"https:\\\/\\\/x.com\\\/Sudoe5\",\"https:\\\/\\\/www.youtube.com\\\/channel\\\/UCeGx2edoB32beRc9dbKA2vw\",\"https:\\\/\\\/www.linkedin.com\\\/company\\\/interreg-sudoe-programme\\\/\",\"https:\\\/\\\/www.flickr.com\\\/photos\\\/148704685@N06\\\/\"]}]}<\/script>\n<!-- \/ Yoast SEO plugin. -->","yoast_head_json":{"title":"Fashion Forward | Uma unidade industrial local para transformar res\u00edduos t\u00eaxteis em novas mat\u00e9rias-primas - Interreg Sudoe","robots":{"index":"index","follow":"follow","max-snippet":"max-snippet:-1","max-image-preview":"max-image-preview:large","max-video-preview":"max-video-preview:-1"},"canonical":"https:\/\/interreg-sudoe.eu\/pt-pt\/piloto-proyecto-27\/una-unidad-industrial-local-para-transformar-residuos-textiles-en-nuevas-materias-primas\/","og_locale":"pt_PT","og_type":"article","og_title":"Fashion Forward | Uma unidade industrial local para transformar res\u00edduos t\u00eaxteis em novas mat\u00e9rias-primas - Interreg Sudoe","og_description":"\"Com o RECYCLocal Textiles, os t\u00eaxteis que j\u00e1 n\u00e3o podem ser reutilizados s\u00e3o transformados em novas mat\u00e9rias-primas para a ind\u00fastria t\u00eaxtil.\"","og_url":"https:\/\/interreg-sudoe.eu\/pt-pt\/piloto-proyecto-27\/una-unidad-industrial-local-para-transformar-residuos-textiles-en-nuevas-materias-primas\/","og_site_name":"Interreg Sudoe","article_publisher":"https:\/\/www.facebook.com\/interregsudoe","article_modified_time":"2026-09-04T10:54:07+00:00","og_image":[{"width":344,"height":147,"url":"https:\/\/interreg-sudoe.eu\/wp-content\/uploads\/2024\/03\/download.png","type":"image\/png"}],"twitter_card":"summary_large_image","twitter_site":"@Sudoe5","twitter_misc":{"Tempo estimado de leitura":"5 minutos"},"schema":{"@context":"https:\/\/schema.org","@graph":[{"@type":"WebPage","@id":"https:\/\/interreg-sudoe.eu\/pt-pt\/piloto-proyecto-27\/una-unidad-industrial-local-para-transformar-residuos-textiles-en-nuevas-materias-primas\/","url":"https:\/\/interreg-sudoe.eu\/pt-pt\/piloto-proyecto-27\/una-unidad-industrial-local-para-transformar-residuos-textiles-en-nuevas-materias-primas\/","name":"Fashion Forward | Uma unidade industrial local para transformar res\u00edduos t\u00eaxteis em novas mat\u00e9rias-primas - Interreg Sudoe","isPartOf":{"@id":"https:\/\/interreg-sudoe.eu\/pt-pt\/#website"},"datePublished":"2026-09-04T10:26:19+00:00","dateModified":"2026-09-04T10:54:07+00:00","breadcrumb":{"@id":"https:\/\/interreg-sudoe.eu\/pt-pt\/piloto-proyecto-27\/una-unidad-industrial-local-para-transformar-residuos-textiles-en-nuevas-materias-primas\/#breadcrumb"},"inLanguage":"pt-PT","potentialAction":[{"@type":"ReadAction","target":["https:\/\/interreg-sudoe.eu\/pt-pt\/piloto-proyecto-27\/una-unidad-industrial-local-para-transformar-residuos-textiles-en-nuevas-materias-primas\/"]}]},{"@type":"BreadcrumbList","@id":"https:\/\/interreg-sudoe.eu\/pt-pt\/piloto-proyecto-27\/una-unidad-industrial-local-para-transformar-residuos-textiles-en-nuevas-materias-primas\/#breadcrumb","itemListElement":[{"@type":"ListItem","position":1,"name":"Home","item":"https:\/\/interreg-sudoe.eu\/pt-pt\/"},{"@type":"ListItem","position":2,"name":"Fashion Forward | Uma unidade industrial local para transformar res\u00edduos t\u00eaxteis em novas mat\u00e9rias-primas"}]},{"@type":"WebSite","@id":"https:\/\/interreg-sudoe.eu\/pt-pt\/#website","url":"https:\/\/interreg-sudoe.eu\/pt-pt\/","name":"Interreg Sudoe","description":"Interreg Sudoe","publisher":{"@id":"https:\/\/interreg-sudoe.eu\/pt-pt\/#organization"},"alternateName":"Interreg Sudoe","potentialAction":[{"@type":"SearchAction","target":{"@type":"EntryPoint","urlTemplate":"https:\/\/interreg-sudoe.eu\/pt-pt\/?s={search_term_string}"},"query-input":{"@type":"PropertyValueSpecification","valueRequired":true,"valueName":"search_term_string"}}],"inLanguage":"pt-PT"},{"@type":"Organization","@id":"https:\/\/interreg-sudoe.eu\/pt-pt\/#organization","name":"Interreg Sudoe","alternateName":"Interreg Sudoe","url":"https:\/\/interreg-sudoe.eu\/pt-pt\/","logo":{"@type":"ImageObject","inLanguage":"pt-PT","@id":"https:\/\/interreg-sudoe.eu\/pt-pt\/#\/schema\/logo\/image\/","url":"https:\/\/interreg-sudoe.eu\/wp-content\/uploads\/2024\/03\/logo-interreg.png","contentUrl":"https:\/\/interreg-sudoe.eu\/wp-content\/uploads\/2024\/03\/logo-interreg.png","width":1200,"height":675,"caption":"Interreg Sudoe"},"image":{"@id":"https:\/\/interreg-sudoe.eu\/pt-pt\/#\/schema\/logo\/image\/"},"sameAs":["https:\/\/www.facebook.com\/interregsudoe","https:\/\/x.com\/Sudoe5","https:\/\/www.youtube.com\/channel\/UCeGx2edoB32beRc9dbKA2vw","https:\/\/www.linkedin.com\/company\/interreg-sudoe-programme\/","https:\/\/www.flickr.com\/photos\/148704685@N06\/"]}]}},"_links":{"self":[{"href":"https:\/\/interreg-sudoe.eu\/pt-pt\/wp-json\/wp\/v2\/piloto-proyecto-27\/72036","targetHints":{"allow":["GET"]}}],"collection":[{"href":"https:\/\/interreg-sudoe.eu\/pt-pt\/wp-json\/wp\/v2\/piloto-proyecto-27"}],"about":[{"href":"https:\/\/interreg-sudoe.eu\/pt-pt\/wp-json\/wp\/v2\/types\/piloto-proyecto-27"}],"author":[{"embeddable":true,"href":"https:\/\/interreg-sudoe.eu\/pt-pt\/wp-json\/wp\/v2\/users\/6620"}],"wp:attachment":[{"href":"https:\/\/interreg-sudoe.eu\/pt-pt\/wp-json\/wp\/v2\/media?parent=72036"}],"wp:term":[{"taxonomy":"convocatoria-proyecto-27","embeddable":true,"href":"https:\/\/interreg-sudoe.eu\/pt-pt\/wp-json\/wp\/v2\/convocatoria-proyecto-27?post=72036"},{"taxonomy":"estado-proyecto-27","embeddable":true,"href":"https:\/\/interreg-sudoe.eu\/pt-pt\/wp-json\/wp\/v2\/estado-proyecto-27?post=72036"},{"taxonomy":"objetivo-especifico-proyecto-27","embeddable":true,"href":"https:\/\/interreg-sudoe.eu\/pt-pt\/wp-json\/wp\/v2\/objetivo-especifico-proyecto-27?post=72036"},{"taxonomy":"pais-proyecto-27","embeddable":true,"href":"https:\/\/interreg-sudoe.eu\/pt-pt\/wp-json\/wp\/v2\/pais-proyecto-27?post=72036"},{"taxonomy":"periodo","embeddable":true,"href":"https:\/\/interreg-sudoe.eu\/pt-pt\/wp-json\/wp\/v2\/periodo?post=72036"},{"taxonomy":"prioridad-proyecto-27","embeddable":true,"href":"https:\/\/interreg-sudoe.eu\/pt-pt\/wp-json\/wp\/v2\/prioridad-proyecto-27?post=72036"},{"taxonomy":"publico-objetivo","embeddable":true,"href":"https:\/\/interreg-sudoe.eu\/pt-pt\/wp-json\/wp\/v2\/publico-objetivo?post=72036"},{"taxonomy":"region-proyecto-27","embeddable":true,"href":"https:\/\/interreg-sudoe.eu\/pt-pt\/wp-json\/wp\/v2\/region-proyecto-27?post=72036"},{"taxonomy":"tematica-proyecto-27","embeddable":true,"href":"https:\/\/interreg-sudoe.eu\/pt-pt\/wp-json\/wp\/v2\/tematica-proyecto-27?post=72036"}],"curies":[{"name":"wp","href":"https:\/\/api.w.org\/{rel}","templated":true}]}}