{"id":35360,"date":"2024-05-30T16:00:40","date_gmt":"2024-05-30T14:00:40","guid":{"rendered":"https:\/\/interreg-sudoe.eu\/proyecto-interreg\/target\/"},"modified":"2025-09-16T12:25:08","modified_gmt":"2025-09-16T10:25:08","slug":"target","status":"publish","type":"proyecto-interreg","link":"https:\/\/interreg-sudoe.eu\/pt-pt\/proyecto-interreg\/target\/","title":{"rendered":"TARGET"},"content":{"rendered":"<h2>Contexto e Desafio<\/h2>\n<p>Os recursos de \u00e1gua doce da regi\u00e3o SUDOE est\u00e3o sujeitos a uma crescente press\u00e3o antropog\u00eanica, causando problemas de escassez e qualidade da \u00e1gua, conflitos de uso e riscos para os ambientes naturais. Uma mudan\u00e7a de paradigma \u00e9 essencial.<\/p>\n<h2>Necessidade de Adapta\u00e7\u00e3o<\/h2>\n<p>A adapta\u00e7\u00e3o de pr\u00e1ticas e organiza\u00e7\u00f5es atrav\u00e9s da defini\u00e7\u00e3o de estrat\u00e9gias de gest\u00e3o concertadas e plurianuais garantir\u00e1 o acesso \u00e0 \u00e1gua necess\u00e1ria para a vida dos ecossistemas e o desenvolvimento econ\u00f4mico e social do territ\u00f3rio.<\/p>\n<h2>Projeto TARGET: Objetivo e Abordagem<\/h2>\n<p>Para enfrentar este desafio, os parceiros do projeto TARGET identificaram uma necessidade e uma oportunidade de coopera\u00e7\u00e3o para integrar \u00e1guas n\u00e3o convencionais na gest\u00e3o local da \u00e1gua. O objetivo \u00e9 promover o desenvolvimento e a implementa\u00e7\u00e3o de uma estrat\u00e9gia de planejamento territorial para a gest\u00e3o sustent\u00e1vel da \u00e1gua e a preven\u00e7\u00e3o de situa\u00e7\u00f5es de crise decorrentes da escassez de \u00e1gua.<\/p>\n<h2>Estrat\u00e9gias e Planos de A\u00e7\u00e3o<\/h2>\n<p>Esta estrat\u00e9gia permitir\u00e1 desenvolver planos de a\u00e7\u00e3o que integrar\u00e3o solu\u00e7\u00f5es para o uso de \u00e1guas n\u00e3o convencionais, incluindo a reutiliza\u00e7\u00e3o de \u00e1guas residuais tratadas (REUT).<\/p>\n<p><a href=\"https:\/\/www.youtube.com\/@TARGETInterregSudoe\"><img decoding=\"async\" class=\"wp-image-42541 alignleft\" src=\"https:\/\/interreg-sudoe.eu\/wp-content\/uploads\/2024\/05\/youtube-logo-youtube-logo-transparent-youtube-icon-transparent-free-free-png.webp\" alt=\"\" width=\"50\" height=\"50\" srcset=\"https:\/\/interreg-sudoe.eu\/wp-content\/uploads\/2024\/05\/youtube-logo-youtube-logo-transparent-youtube-icon-transparent-free-free-png.webp 980w, https:\/\/interreg-sudoe.eu\/wp-content\/uploads\/2024\/05\/youtube-logo-youtube-logo-transparent-youtube-icon-transparent-free-free-png-300x300.webp 300w, https:\/\/interreg-sudoe.eu\/wp-content\/uploads\/2024\/05\/youtube-logo-youtube-logo-transparent-youtube-icon-transparent-free-free-png-150x150.webp 150w, https:\/\/interreg-sudoe.eu\/wp-content\/uploads\/2024\/05\/youtube-logo-youtube-logo-transparent-youtube-icon-transparent-free-free-png-768x768.webp 768w\" sizes=\"(max-width: 50px) 100vw, 50px\" \/><\/a><a href=\"https:\/\/x.com\/TARGET_SUDOE\"><img decoding=\"async\" class=\"alignleft wp-image-42504\" src=\"https:\/\/interreg-sudoe.eu\/wp-content\/uploads\/2024\/05\/new-twitter-x-logo-twitter-icon-x-social-media-icon-free-png-150x150.webp\" alt=\"\" width=\"50\" height=\"50\" srcset=\"https:\/\/interreg-sudoe.eu\/wp-content\/uploads\/2024\/05\/new-twitter-x-logo-twitter-icon-x-social-media-icon-free-png-150x150.webp 150w, https:\/\/interreg-sudoe.eu\/wp-content\/uploads\/2024\/05\/new-twitter-x-logo-twitter-icon-x-social-media-icon-free-png.webp 200w\" sizes=\"(max-width: 50px) 100vw, 50px\" \/><\/a><a href=\"https:\/\/www.facebook.com\/profile.php?id=61560857292916\"><img decoding=\"async\" class=\"alignleft wp-image-42505\" src=\"https:\/\/interreg-sudoe.eu\/wp-content\/uploads\/2024\/05\/facebook-icons-facebook-logo-facebook-flat-icons-free-png-150x150.webp\" alt=\"\" width=\"47\" height=\"47\" srcset=\"https:\/\/interreg-sudoe.eu\/wp-content\/uploads\/2024\/05\/facebook-icons-facebook-logo-facebook-flat-icons-free-png-150x150.webp 150w, https:\/\/interreg-sudoe.eu\/wp-content\/uploads\/2024\/05\/facebook-icons-facebook-logo-facebook-flat-icons-free-png.webp 200w\" sizes=\"(max-width: 47px) 100vw, 47px\" \/><\/a><a href=\"https:\/\/www.linkedin.com\/company\/target-interreg-sudoe\/about\/\"><img loading=\"lazy\" decoding=\"async\" class=\"alignleft wp-image-42512\" src=\"https:\/\/interreg-sudoe.eu\/wp-content\/uploads\/2024\/05\/linkedin-logo-linkedin-logo-transparent-linkedin-icon-transparent-free-free-png-150x150.webp\" alt=\"\" width=\"50\" height=\"50\" srcset=\"https:\/\/interreg-sudoe.eu\/wp-content\/uploads\/2024\/05\/linkedin-logo-linkedin-logo-transparent-linkedin-icon-transparent-free-free-png-150x150.webp 150w, https:\/\/interreg-sudoe.eu\/wp-content\/uploads\/2024\/05\/linkedin-logo-linkedin-logo-transparent-linkedin-icon-transparent-free-free-png.webp 200w\" sizes=\"(max-width: 50px) 100vw, 50px\" \/><\/a><\/p>\n","protected":false},"excerpt":{"rendered":"<p>Contexto e Desafio Os recursos de \u00e1gua doce da regi\u00e3o SUDOE est\u00e3o sujeitos a uma crescente press\u00e3o antropog\u00eanica, causando problemas de escassez e qualidade da \u00e1gua, conflitos de uso e riscos para os ambientes naturais. Uma mudan\u00e7a de paradigma \u00e9 essencial. Necessidade de Adapta\u00e7\u00e3o A adapta\u00e7\u00e3o de pr\u00e1ticas e organiza\u00e7\u00f5es atrav\u00e9s da defini\u00e7\u00e3o de estrat\u00e9gias [&hellip;]<\/p>\n","protected":false},"author":5125,"featured_media":34293,"template":"","meta":{"_acf_changed":false,"content-type":"","_monsterinsights_skip_tracking":false,"_monsterinsights_sitenote_active":false,"_monsterinsights_sitenote_note":"","_monsterinsights_sitenote_category":0,"footnotes":""},"convocatoria-proyecto-27":[3311],"estado-proyecto-27":[3364],"idioma-proyecto-27":[3887,3203],"objetivo-especifico-proyecto-27":[3294],"pais-proyecto-27":[3372,3375,3379],"periodo":[3557],"prioridad-proyecto-27":[3274],"publico-objetivo":[],"region-proyecto-27":[3500,3391,3536,3402,3418,3436],"tematica-proyecto-27":[4021],"class_list":["post-35360","proyecto-interreg","type-proyecto-interreg","status-publish","has-post-thumbnail","hentry","convocatoria-proyecto-27-1a-convocatoria-pt-pt","estado-proyecto-27-em-curso","idioma-proyecto-27-espanol-pt-pt","idioma-proyecto-27-portugues-pt-pt","objetivo-especifico-proyecto-27-oe-2-5-acesso-a-agua-gestao-sustentavel-da-agua","pais-proyecto-27-espanha","pais-proyecto-27-franca","pais-proyecto-27-portugal-pt-pt","periodo-2021-2027-pt-pt","prioridad-proyecto-27-1-preservar-o-capital-natural-e-reforcar-a-adaptacao-as-alteracoes-climaticas-no-sudoe","region-proyecto-27-andalucia-pt-pt","region-proyecto-27-aquitaine-nouvelle-aquitaine-pt-pt","region-proyecto-27-area-metropolitana-de-lisboa-pt-pt","region-proyecto-27-cataluna-pt-pt","region-proyecto-27-comunidad-de-madrid-pt-pt","region-proyecto-27-languedoc-roussillon-occitanie-pt-pt","tematica-proyecto-27-gestao-da-agua"],"acf":[],"yoast_head":"<!-- This site is optimized with the Yoast SEO plugin v27.4 - https:\/\/yoast.com\/product\/yoast-seo-wordpress\/ -->\n<title>TARGET - Interreg Sudoe<\/title>\n<meta name=\"robots\" content=\"index, follow, max-snippet:-1, max-image-preview:large, max-video-preview:-1\" \/>\n<link rel=\"canonical\" href=\"https:\/\/interreg-sudoe.eu\/pt-pt\/proyecto-interreg\/target\/\" \/>\n<meta property=\"og:locale\" content=\"pt_PT\" \/>\n<meta property=\"og:type\" content=\"article\" \/>\n<meta property=\"og:title\" content=\"TARGET - Interreg Sudoe\" \/>\n<meta property=\"og:description\" content=\"Contexto e Desafio Os recursos de \u00e1gua doce da regi\u00e3o SUDOE est\u00e3o sujeitos a uma crescente press\u00e3o antropog\u00eanica, causando problemas de escassez e qualidade da \u00e1gua, conflitos de uso e riscos para os ambientes naturais. Uma mudan\u00e7a de paradigma \u00e9 essencial. Necessidade de Adapta\u00e7\u00e3o A adapta\u00e7\u00e3o de pr\u00e1ticas e organiza\u00e7\u00f5es atrav\u00e9s da defini\u00e7\u00e3o de estrat\u00e9gias [&hellip;]\" \/>\n<meta property=\"og:url\" content=\"https:\/\/interreg-sudoe.eu\/pt-pt\/proyecto-interreg\/target\/\" \/>\n<meta property=\"og:site_name\" content=\"Interreg Sudoe\" \/>\n<meta property=\"article:publisher\" content=\"https:\/\/www.facebook.com\/interregsudoe\" \/>\n<meta property=\"article:modified_time\" content=\"2025-09-16T10:25:08+00:00\" \/>\n<meta property=\"og:image\" content=\"https:\/\/interreg-sudoe.eu\/wp-content\/uploads\/2024\/05\/TARGET_Debajo_RGB-01.jpg\" \/>\n\t<meta property=\"og:image:width\" content=\"1111\" \/>\n\t<meta property=\"og:image:height\" content=\"319\" \/>\n\t<meta property=\"og:image:type\" content=\"image\/jpeg\" \/>\n<meta name=\"twitter:card\" content=\"summary_large_image\" \/>\n<meta name=\"twitter:site\" content=\"@Sudoe5\" \/>\n<meta name=\"twitter:label1\" content=\"Tempo estimado de leitura\" \/>\n\t<meta name=\"twitter:data1\" content=\"2 minutos\" \/>\n<script type=\"application\/ld+json\" class=\"yoast-schema-graph\">{\"@context\":\"https:\\\/\\\/schema.org\",\"@graph\":[{\"@type\":\"WebPage\",\"@id\":\"https:\\\/\\\/interreg-sudoe.eu\\\/pt-pt\\\/proyecto-interreg\\\/target\\\/\",\"url\":\"https:\\\/\\\/interreg-sudoe.eu\\\/pt-pt\\\/proyecto-interreg\\\/target\\\/\",\"name\":\"TARGET - Interreg Sudoe\",\"isPartOf\":{\"@id\":\"https:\\\/\\\/interreg-sudoe.eu\\\/pt-pt\\\/#website\"},\"primaryImageOfPage\":{\"@id\":\"https:\\\/\\\/interreg-sudoe.eu\\\/pt-pt\\\/proyecto-interreg\\\/target\\\/#primaryimage\"},\"image\":{\"@id\":\"https:\\\/\\\/interreg-sudoe.eu\\\/pt-pt\\\/proyecto-interreg\\\/target\\\/#primaryimage\"},\"thumbnailUrl\":\"https:\\\/\\\/interreg-sudoe.eu\\\/wp-content\\\/uploads\\\/2024\\\/05\\\/TARGET_Debajo_RGB-01.jpg\",\"datePublished\":\"2024-05-30T14:00:40+00:00\",\"dateModified\":\"2025-09-16T10:25:08+00:00\",\"breadcrumb\":{\"@id\":\"https:\\\/\\\/interreg-sudoe.eu\\\/pt-pt\\\/proyecto-interreg\\\/target\\\/#breadcrumb\"},\"inLanguage\":\"pt-PT\",\"potentialAction\":[{\"@type\":\"ReadAction\",\"target\":[\"https:\\\/\\\/interreg-sudoe.eu\\\/pt-pt\\\/proyecto-interreg\\\/target\\\/\"]}]},{\"@type\":\"ImageObject\",\"inLanguage\":\"pt-PT\",\"@id\":\"https:\\\/\\\/interreg-sudoe.eu\\\/pt-pt\\\/proyecto-interreg\\\/target\\\/#primaryimage\",\"url\":\"https:\\\/\\\/interreg-sudoe.eu\\\/wp-content\\\/uploads\\\/2024\\\/05\\\/TARGET_Debajo_RGB-01.jpg\",\"contentUrl\":\"https:\\\/\\\/interreg-sudoe.eu\\\/wp-content\\\/uploads\\\/2024\\\/05\\\/TARGET_Debajo_RGB-01.jpg\",\"width\":1111,\"height\":319},{\"@type\":\"BreadcrumbList\",\"@id\":\"https:\\\/\\\/interreg-sudoe.eu\\\/pt-pt\\\/proyecto-interreg\\\/target\\\/#breadcrumb\",\"itemListElement\":[{\"@type\":\"ListItem\",\"position\":1,\"name\":\"Home\",\"item\":\"https:\\\/\\\/interreg-sudoe.eu\\\/pt-pt\\\/\"},{\"@type\":\"ListItem\",\"position\":2,\"name\":\"TARGET\"}]},{\"@type\":\"WebSite\",\"@id\":\"https:\\\/\\\/interreg-sudoe.eu\\\/pt-pt\\\/#website\",\"url\":\"https:\\\/\\\/interreg-sudoe.eu\\\/pt-pt\\\/\",\"name\":\"Interreg Sudoe\",\"description\":\"Interreg Sudoe\",\"publisher\":{\"@id\":\"https:\\\/\\\/interreg-sudoe.eu\\\/pt-pt\\\/#organization\"},\"alternateName\":\"Interreg Sudoe\",\"potentialAction\":[{\"@type\":\"SearchAction\",\"target\":{\"@type\":\"EntryPoint\",\"urlTemplate\":\"https:\\\/\\\/interreg-sudoe.eu\\\/pt-pt\\\/?s={search_term_string}\"},\"query-input\":{\"@type\":\"PropertyValueSpecification\",\"valueRequired\":true,\"valueName\":\"search_term_string\"}}],\"inLanguage\":\"pt-PT\"},{\"@type\":\"Organization\",\"@id\":\"https:\\\/\\\/interreg-sudoe.eu\\\/pt-pt\\\/#organization\",\"name\":\"Interreg Sudoe\",\"alternateName\":\"Interreg Sudoe\",\"url\":\"https:\\\/\\\/interreg-sudoe.eu\\\/pt-pt\\\/\",\"logo\":{\"@type\":\"ImageObject\",\"inLanguage\":\"pt-PT\",\"@id\":\"https:\\\/\\\/interreg-sudoe.eu\\\/pt-pt\\\/#\\\/schema\\\/logo\\\/image\\\/\",\"url\":\"https:\\\/\\\/interreg-sudoe.eu\\\/wp-content\\\/uploads\\\/2024\\\/03\\\/logo-interreg.png\",\"contentUrl\":\"https:\\\/\\\/interreg-sudoe.eu\\\/wp-content\\\/uploads\\\/2024\\\/03\\\/logo-interreg.png\",\"width\":1200,\"height\":675,\"caption\":\"Interreg Sudoe\"},\"image\":{\"@id\":\"https:\\\/\\\/interreg-sudoe.eu\\\/pt-pt\\\/#\\\/schema\\\/logo\\\/image\\\/\"},\"sameAs\":[\"https:\\\/\\\/www.facebook.com\\\/interregsudoe\",\"https:\\\/\\\/x.com\\\/Sudoe5\",\"https:\\\/\\\/www.youtube.com\\\/channel\\\/UCeGx2edoB32beRc9dbKA2vw\",\"https:\\\/\\\/www.linkedin.com\\\/company\\\/interreg-sudoe-programme\\\/\",\"https:\\\/\\\/www.flickr.com\\\/photos\\\/148704685@N06\\\/\"]}]}<\/script>\n<!-- \/ Yoast SEO plugin. -->","yoast_head_json":{"title":"TARGET - Interreg Sudoe","robots":{"index":"index","follow":"follow","max-snippet":"max-snippet:-1","max-image-preview":"max-image-preview:large","max-video-preview":"max-video-preview:-1"},"canonical":"https:\/\/interreg-sudoe.eu\/pt-pt\/proyecto-interreg\/target\/","og_locale":"pt_PT","og_type":"article","og_title":"TARGET - Interreg Sudoe","og_description":"Contexto e Desafio Os recursos de \u00e1gua doce da regi\u00e3o SUDOE est\u00e3o sujeitos a uma crescente press\u00e3o antropog\u00eanica, causando problemas de escassez e qualidade da \u00e1gua, conflitos de uso e riscos para os ambientes naturais. Uma mudan\u00e7a de paradigma \u00e9 essencial. Necessidade de Adapta\u00e7\u00e3o A adapta\u00e7\u00e3o de pr\u00e1ticas e organiza\u00e7\u00f5es atrav\u00e9s da defini\u00e7\u00e3o de estrat\u00e9gias [&hellip;]","og_url":"https:\/\/interreg-sudoe.eu\/pt-pt\/proyecto-interreg\/target\/","og_site_name":"Interreg Sudoe","article_publisher":"https:\/\/www.facebook.com\/interregsudoe","article_modified_time":"2025-09-16T10:25:08+00:00","og_image":[{"width":1111,"height":319,"url":"https:\/\/interreg-sudoe.eu\/wp-content\/uploads\/2024\/05\/TARGET_Debajo_RGB-01.jpg","type":"image\/jpeg"}],"twitter_card":"summary_large_image","twitter_site":"@Sudoe5","twitter_misc":{"Tempo estimado de leitura":"2 minutos"},"schema":{"@context":"https:\/\/schema.org","@graph":[{"@type":"WebPage","@id":"https:\/\/interreg-sudoe.eu\/pt-pt\/proyecto-interreg\/target\/","url":"https:\/\/interreg-sudoe.eu\/pt-pt\/proyecto-interreg\/target\/","name":"TARGET - Interreg Sudoe","isPartOf":{"@id":"https:\/\/interreg-sudoe.eu\/pt-pt\/#website"},"primaryImageOfPage":{"@id":"https:\/\/interreg-sudoe.eu\/pt-pt\/proyecto-interreg\/target\/#primaryimage"},"image":{"@id":"https:\/\/interreg-sudoe.eu\/pt-pt\/proyecto-interreg\/target\/#primaryimage"},"thumbnailUrl":"https:\/\/interreg-sudoe.eu\/wp-content\/uploads\/2024\/05\/TARGET_Debajo_RGB-01.jpg","datePublished":"2024-05-30T14:00:40+00:00","dateModified":"2025-09-16T10:25:08+00:00","breadcrumb":{"@id":"https:\/\/interreg-sudoe.eu\/pt-pt\/proyecto-interreg\/target\/#breadcrumb"},"inLanguage":"pt-PT","potentialAction":[{"@type":"ReadAction","target":["https:\/\/interreg-sudoe.eu\/pt-pt\/proyecto-interreg\/target\/"]}]},{"@type":"ImageObject","inLanguage":"pt-PT","@id":"https:\/\/interreg-sudoe.eu\/pt-pt\/proyecto-interreg\/target\/#primaryimage","url":"https:\/\/interreg-sudoe.eu\/wp-content\/uploads\/2024\/05\/TARGET_Debajo_RGB-01.jpg","contentUrl":"https:\/\/interreg-sudoe.eu\/wp-content\/uploads\/2024\/05\/TARGET_Debajo_RGB-01.jpg","width":1111,"height":319},{"@type":"BreadcrumbList","@id":"https:\/\/interreg-sudoe.eu\/pt-pt\/proyecto-interreg\/target\/#breadcrumb","itemListElement":[{"@type":"ListItem","position":1,"name":"Home","item":"https:\/\/interreg-sudoe.eu\/pt-pt\/"},{"@type":"ListItem","position":2,"name":"TARGET"}]},{"@type":"WebSite","@id":"https:\/\/interreg-sudoe.eu\/pt-pt\/#website","url":"https:\/\/interreg-sudoe.eu\/pt-pt\/","name":"Interreg Sudoe","description":"Interreg Sudoe","publisher":{"@id":"https:\/\/interreg-sudoe.eu\/pt-pt\/#organization"},"alternateName":"Interreg Sudoe","potentialAction":[{"@type":"SearchAction","target":{"@type":"EntryPoint","urlTemplate":"https:\/\/interreg-sudoe.eu\/pt-pt\/?s={search_term_string}"},"query-input":{"@type":"PropertyValueSpecification","valueRequired":true,"valueName":"search_term_string"}}],"inLanguage":"pt-PT"},{"@type":"Organization","@id":"https:\/\/interreg-sudoe.eu\/pt-pt\/#organization","name":"Interreg Sudoe","alternateName":"Interreg Sudoe","url":"https:\/\/interreg-sudoe.eu\/pt-pt\/","logo":{"@type":"ImageObject","inLanguage":"pt-PT","@id":"https:\/\/interreg-sudoe.eu\/pt-pt\/#\/schema\/logo\/image\/","url":"https:\/\/interreg-sudoe.eu\/wp-content\/uploads\/2024\/03\/logo-interreg.png","contentUrl":"https:\/\/interreg-sudoe.eu\/wp-content\/uploads\/2024\/03\/logo-interreg.png","width":1200,"height":675,"caption":"Interreg Sudoe"},"image":{"@id":"https:\/\/interreg-sudoe.eu\/pt-pt\/#\/schema\/logo\/image\/"},"sameAs":["https:\/\/www.facebook.com\/interregsudoe","https:\/\/x.com\/Sudoe5","https:\/\/www.youtube.com\/channel\/UCeGx2edoB32beRc9dbKA2vw","https:\/\/www.linkedin.com\/company\/interreg-sudoe-programme\/","https:\/\/www.flickr.com\/photos\/148704685@N06\/"]}]}},"_links":{"self":[{"href":"https:\/\/interreg-sudoe.eu\/pt-pt\/wp-json\/wp\/v2\/proyecto-interreg\/35360","targetHints":{"allow":["GET"]}}],"collection":[{"href":"https:\/\/interreg-sudoe.eu\/pt-pt\/wp-json\/wp\/v2\/proyecto-interreg"}],"about":[{"href":"https:\/\/interreg-sudoe.eu\/pt-pt\/wp-json\/wp\/v2\/types\/proyecto-interreg"}],"author":[{"embeddable":true,"href":"https:\/\/interreg-sudoe.eu\/pt-pt\/wp-json\/wp\/v2\/users\/5125"}],"version-history":[{"count":3,"href":"https:\/\/interreg-sudoe.eu\/pt-pt\/wp-json\/wp\/v2\/proyecto-interreg\/35360\/revisions"}],"predecessor-version":[{"id":52030,"href":"https:\/\/interreg-sudoe.eu\/pt-pt\/wp-json\/wp\/v2\/proyecto-interreg\/35360\/revisions\/52030"}],"wp:featuredmedia":[{"embeddable":true,"href":"https:\/\/interreg-sudoe.eu\/pt-pt\/wp-json\/wp\/v2\/media\/34293"}],"wp:attachment":[{"href":"https:\/\/interreg-sudoe.eu\/pt-pt\/wp-json\/wp\/v2\/media?parent=35360"}],"wp:term":[{"taxonomy":"convocatoria-proyecto-27","embeddable":true,"href":"https:\/\/interreg-sudoe.eu\/pt-pt\/wp-json\/wp\/v2\/convocatoria-proyecto-27?post=35360"},{"taxonomy":"estado-proyecto-27","embeddable":true,"href":"https:\/\/interreg-sudoe.eu\/pt-pt\/wp-json\/wp\/v2\/estado-proyecto-27?post=35360"},{"taxonomy":"idioma-proyecto-27","embeddable":true,"href":"https:\/\/interreg-sudoe.eu\/pt-pt\/wp-json\/wp\/v2\/idioma-proyecto-27?post=35360"},{"taxonomy":"objetivo-especifico-proyecto-27","embeddable":true,"href":"https:\/\/interreg-sudoe.eu\/pt-pt\/wp-json\/wp\/v2\/objetivo-especifico-proyecto-27?post=35360"},{"taxonomy":"pais-proyecto-27","embeddable":true,"href":"https:\/\/interreg-sudoe.eu\/pt-pt\/wp-json\/wp\/v2\/pais-proyecto-27?post=35360"},{"taxonomy":"periodo","embeddable":true,"href":"https:\/\/interreg-sudoe.eu\/pt-pt\/wp-json\/wp\/v2\/periodo?post=35360"},{"taxonomy":"prioridad-proyecto-27","embeddable":true,"href":"https:\/\/interreg-sudoe.eu\/pt-pt\/wp-json\/wp\/v2\/prioridad-proyecto-27?post=35360"},{"taxonomy":"publico-objetivo","embeddable":true,"href":"https:\/\/interreg-sudoe.eu\/pt-pt\/wp-json\/wp\/v2\/publico-objetivo?post=35360"},{"taxonomy":"region-proyecto-27","embeddable":true,"href":"https:\/\/interreg-sudoe.eu\/pt-pt\/wp-json\/wp\/v2\/region-proyecto-27?post=35360"},{"taxonomy":"tematica-proyecto-27","embeddable":true,"href":"https:\/\/interreg-sudoe.eu\/pt-pt\/wp-json\/wp\/v2\/tematica-proyecto-27?post=35360"}],"curies":[{"name":"wp","href":"https:\/\/api.w.org\/{rel}","templated":true}]}}