{"id":62487,"date":"2025-07-22T13:37:14","date_gmt":"2025-07-22T11:37:14","guid":{"rendered":"https:\/\/interreg-sudoe.eu\/proyecto-interreg\/resilientes-2\/"},"modified":"2026-04-24T13:00:50","modified_gmt":"2026-04-24T11:00:50","slug":"resilientes-2","status":"publish","type":"proyecto-interreg","link":"https:\/\/interreg-sudoe.eu\/pt-pt\/proyecto-interreg\/resilientes-2\/","title":{"rendered":"ResilientES"},"content":{"rendered":"<p>ResilientES visa revitalizar os territ\u00f3rios n\u00e3o urbanos, rurais e de interior do SUDOE atrav\u00e9s da economia social (ES) como motor de desenvolvimento socioecon\u00f3mico, com base nos recursos end\u00f3genos desses territ\u00f3rios e na colabora\u00e7\u00e3o entre os atores locais para gerar empregos de qualidade, garantir o acesso aos servi\u00e7os e fixar a popula\u00e7\u00e3o. O objetivo do projeto baseia-se na liga\u00e7\u00e3o estrat\u00e9gica entre os desafios demogr\u00e1ficos e econ\u00f3micos dos territ\u00f3rios rurais do interior do espa\u00e7o SUDOE e as oportunidades apresentadas pelos setores emergentes nessas \u00e1reas e a ES enquanto vetor de desenvolvimento socioecon\u00f3mico. O envelhecimento da popula\u00e7\u00e3o, a migra\u00e7\u00e3o para as zonas urbanas e a concentra\u00e7\u00e3o do tecido empresarial nas grandes cidades amea\u00e7am a viabilidade das zonas rurais e \u00e9 imperativo tomar medidas conjuntas inovadoras e sustent\u00e1veis para revitalizar estas comunidades rurais. Os setores emergentes, como a economia circular, a economia da presta\u00e7\u00e3o de cuidados, a cultura, o turismo, etc., oferecem um grande potencial para impulsionar o desenvolvimento rural e gerar novas fontes de emprego e riqueza. Simultaneamente, a ES apresenta-se como um modelo empresarial alternativo e colaborativo que pode promover a inclus\u00e3o social, o desenvolvimento e a sustentabilidade econ\u00f3mica e ambiental nas zonas rurais. Em termos de resultados, ser\u00e1 desenvolvida uma estrat\u00e9gia transnacional SUDOE para transformar a ES num motor de crescimento socioecon\u00f3mico sustent\u00e1vel nos territ\u00f3rios rurais e interiores. O projeto ResilientES desenvolver\u00e1 atividades-piloto do conjunto de medidas inovadoras para impulsionar o desenvolvimento de territ\u00f3rios n\u00e3o urbanos no \u00e2mbito da ES. Ser\u00e1 criado um HUB de vanguarda da ES no espa\u00e7o SUDOE, um centro de refer\u00eancia e conhecimento do espa\u00e7o SUDOE ao servi\u00e7o do desenvolvimento sustent\u00e1vel das empresas e entidades da economia social, bem como das Associa\u00e7\u00f5es de Empreendedorismo Jovem (GT2). ResilientES contribuir\u00e1 para um modelo de desenvolvimento mais equitativo, inclusivo e sustent\u00e1vel no SUDOE, baseado-se nos princ\u00edpios e valores da ES, onde as comunidades locais florescem e prosperam num ambiente econ\u00f3mico e social din\u00e2mico e em evolu\u00e7\u00e3o.<\/p>\n<p><a href=\"https:\/\/www.instagram.com\/projeto.resilientes\">https:\/\/www.instagram.com\/projeto.resilientes<\/a>\/<\/p>\n<p><a href=\"https:\/\/www.facebook.com\/people\/Projeto-Resilientes\">https:\/\/www.facebook.com\/people\/Projeto-Resilientes<\/a><\/p>\n<div class=\"x6s0dn4 x78zum5 x1q0g3np xs83m0k xeuugli x1n2onr6 xxz05av xcghwft\">\n<div class=\"html-div xdj266r xat24cr x1lziwak xexx8yu xyri2b x18d9i69 x1c1uobl x9f619 xjbqb8w x78zum5 x15mokao x1ga7v0g x16uus16 xbiv7yw xbmvrgn x1uhb9sk x6ikm8r x10wlt62 x1c4vz4f xs83m0k x1q0g3np xqjyukv x1qjc9v5 x1oa3qoh x1nhvcw1\"><\/div>\n<div class=\"x1q0g3np x2lah0s\">\n<div class=\"x1i10hfl x972fbf x10w94by x1qhh985 x14e42zd x9f619 x3ct3a4 xdj266r x14z9mp xat24cr x1lziwak x16tdsg8 x1hl2dhg xggy1nq x1a2a7pz x6s0dn4 xjbqb8w x1ejq31n x18oe1m7 x1sy0etr xstzfhl x1ypdohk x78zum5 xl56j7k x1y1aw1k xf159sx xwib8y2 xmzvs34 x1epzrsm x4gyw5p x1jplu5e x1o7uuvo x14snt5h\" tabindex=\"0\" role=\"button\">\n<div class=\"x6s0dn4 x78zum5 xdt5ytf xl56j7k\"><\/div>\n<\/div>\n<\/div>\n<\/div>\n<div class=\"html-div xdj266r x14z9mp x1lziwak xexx8yu xyri2b x18d9i69 x1c1uobl x9f619 xjbqb8w x78zum5 x15mokao x1ga7v0g x16uus16 xbiv7yw xod5an3 x1uhb9sk x1plvlek xryxfnj x1c4vz4f x2lah0s xdt5ytf xqjyukv x1qjc9v5 x1oa3qoh x1nhvcw1\"><\/div>\n","protected":false},"excerpt":{"rendered":"<p>Econom\u00eda Social, motor del desarrollo socioecon\u00f3mico de zonas de interior y no urbanas en SUDOE<\/p>\n","protected":false},"author":5173,"featured_media":0,"template":"","meta":{"_acf_changed":false,"content-type":"","_monsterinsights_skip_tracking":false,"_monsterinsights_sitenote_active":false,"_monsterinsights_sitenote_note":"","_monsterinsights_sitenote_category":0,"footnotes":""},"convocatoria-proyecto-27":[3312],"estado-proyecto-27":[3364],"idioma-proyecto-27":[3887],"objetivo-especifico-proyecto-27":[3296],"pais-proyecto-27":[3372,3375,3379],"periodo":[3557],"prioridad-proyecto-27":[3276],"publico-objetivo":[],"region-proyecto-27":[3391,3509,3512,3515,3424,3442,3518,3533],"tematica-proyecto-27":[4060],"class_list":["post-62487","proyecto-interreg","type-proyecto-interreg","status-publish","hentry","convocatoria-proyecto-27-2a-convocatoria-pt-pt","estado-proyecto-27-em-curso","idioma-proyecto-27-espanol-pt-pt","objetivo-especifico-proyecto-27-oe-4-1-mercados-de-trabalho-desenvolvimento-das-infraestruturas-economia-social","pais-proyecto-27-espanha","pais-proyecto-27-franca","pais-proyecto-27-portugal-pt-pt","periodo-2021-2027-pt-pt","prioridad-proyecto-27-3-promover-a-coesao-social-e-o-equilibrio-territorial-e-demografico-no-sudoe-atraves-da-inovacao-social-valorizacao-do-patrimonio-e-servicos","region-proyecto-27-aquitaine-nouvelle-aquitaine-pt-pt","region-proyecto-27-cantabria-pt-pt","region-proyecto-27-centro-pt-pt","region-proyecto-27-comunidad-valenciana-pt-pt","region-proyecto-27-extremadura-pt-pt","region-proyecto-27-midi-pyrenees-occitanie-pt-pt","region-proyecto-27-norte-pt-pt","region-proyecto-27-region-de-murcia-pt-pt","tematica-proyecto-27-inclusion-social-e-igualdad-de-oportunidades"],"acf":[],"yoast_head":"<!-- This site is optimized with the Yoast SEO plugin v27.4 - https:\/\/yoast.com\/product\/yoast-seo-wordpress\/ -->\n<title>ResilientES - Interreg Sudoe<\/title>\n<meta name=\"robots\" content=\"index, follow, max-snippet:-1, max-image-preview:large, max-video-preview:-1\" \/>\n<link rel=\"canonical\" href=\"https:\/\/interreg-sudoe.eu\/pt-pt\/proyecto-interreg\/resilientes-2\/\" \/>\n<meta property=\"og:locale\" content=\"pt_PT\" \/>\n<meta property=\"og:type\" content=\"article\" \/>\n<meta property=\"og:title\" content=\"ResilientES - Interreg Sudoe\" \/>\n<meta property=\"og:description\" content=\"Econom\u00eda Social, motor del desarrollo socioecon\u00f3mico de zonas de interior y no urbanas en SUDOE\" \/>\n<meta property=\"og:url\" content=\"https:\/\/interreg-sudoe.eu\/pt-pt\/proyecto-interreg\/resilientes-2\/\" \/>\n<meta property=\"og:site_name\" content=\"Interreg Sudoe\" \/>\n<meta property=\"article:publisher\" content=\"https:\/\/www.facebook.com\/interregsudoe\" \/>\n<meta property=\"article:modified_time\" content=\"2026-04-24T11:00:50+00:00\" \/>\n<meta property=\"og:image\" content=\"https:\/\/interreg-sudoe.eu\/wp-content\/uploads\/2024\/03\/download.png\" \/>\n\t<meta property=\"og:image:width\" content=\"344\" \/>\n\t<meta property=\"og:image:height\" content=\"147\" \/>\n\t<meta property=\"og:image:type\" content=\"image\/png\" \/>\n<meta name=\"twitter:card\" content=\"summary_large_image\" \/>\n<meta name=\"twitter:site\" content=\"@Sudoe5\" \/>\n<meta name=\"twitter:label1\" content=\"Tempo estimado de leitura\" \/>\n\t<meta name=\"twitter:data1\" content=\"2 minutos\" \/>\n<script type=\"application\/ld+json\" class=\"yoast-schema-graph\">{\"@context\":\"https:\\\/\\\/schema.org\",\"@graph\":[{\"@type\":\"WebPage\",\"@id\":\"https:\\\/\\\/interreg-sudoe.eu\\\/pt-pt\\\/proyecto-interreg\\\/resilientes-2\\\/\",\"url\":\"https:\\\/\\\/interreg-sudoe.eu\\\/pt-pt\\\/proyecto-interreg\\\/resilientes-2\\\/\",\"name\":\"ResilientES - Interreg Sudoe\",\"isPartOf\":{\"@id\":\"https:\\\/\\\/interreg-sudoe.eu\\\/pt-pt\\\/#website\"},\"datePublished\":\"2025-07-22T11:37:14+00:00\",\"dateModified\":\"2026-04-24T11:00:50+00:00\",\"breadcrumb\":{\"@id\":\"https:\\\/\\\/interreg-sudoe.eu\\\/pt-pt\\\/proyecto-interreg\\\/resilientes-2\\\/#breadcrumb\"},\"inLanguage\":\"pt-PT\",\"potentialAction\":[{\"@type\":\"ReadAction\",\"target\":[\"https:\\\/\\\/interreg-sudoe.eu\\\/pt-pt\\\/proyecto-interreg\\\/resilientes-2\\\/\"]}]},{\"@type\":\"BreadcrumbList\",\"@id\":\"https:\\\/\\\/interreg-sudoe.eu\\\/pt-pt\\\/proyecto-interreg\\\/resilientes-2\\\/#breadcrumb\",\"itemListElement\":[{\"@type\":\"ListItem\",\"position\":1,\"name\":\"Home\",\"item\":\"https:\\\/\\\/interreg-sudoe.eu\\\/pt-pt\\\/\"},{\"@type\":\"ListItem\",\"position\":2,\"name\":\"ResilientES\"}]},{\"@type\":\"WebSite\",\"@id\":\"https:\\\/\\\/interreg-sudoe.eu\\\/pt-pt\\\/#website\",\"url\":\"https:\\\/\\\/interreg-sudoe.eu\\\/pt-pt\\\/\",\"name\":\"Interreg Sudoe\",\"description\":\"Interreg Sudoe\",\"publisher\":{\"@id\":\"https:\\\/\\\/interreg-sudoe.eu\\\/pt-pt\\\/#organization\"},\"alternateName\":\"Interreg Sudoe\",\"potentialAction\":[{\"@type\":\"SearchAction\",\"target\":{\"@type\":\"EntryPoint\",\"urlTemplate\":\"https:\\\/\\\/interreg-sudoe.eu\\\/pt-pt\\\/?s={search_term_string}\"},\"query-input\":{\"@type\":\"PropertyValueSpecification\",\"valueRequired\":true,\"valueName\":\"search_term_string\"}}],\"inLanguage\":\"pt-PT\"},{\"@type\":\"Organization\",\"@id\":\"https:\\\/\\\/interreg-sudoe.eu\\\/pt-pt\\\/#organization\",\"name\":\"Interreg Sudoe\",\"alternateName\":\"Interreg Sudoe\",\"url\":\"https:\\\/\\\/interreg-sudoe.eu\\\/pt-pt\\\/\",\"logo\":{\"@type\":\"ImageObject\",\"inLanguage\":\"pt-PT\",\"@id\":\"https:\\\/\\\/interreg-sudoe.eu\\\/pt-pt\\\/#\\\/schema\\\/logo\\\/image\\\/\",\"url\":\"https:\\\/\\\/interreg-sudoe.eu\\\/wp-content\\\/uploads\\\/2024\\\/03\\\/logo-interreg.png\",\"contentUrl\":\"https:\\\/\\\/interreg-sudoe.eu\\\/wp-content\\\/uploads\\\/2024\\\/03\\\/logo-interreg.png\",\"width\":1200,\"height\":675,\"caption\":\"Interreg Sudoe\"},\"image\":{\"@id\":\"https:\\\/\\\/interreg-sudoe.eu\\\/pt-pt\\\/#\\\/schema\\\/logo\\\/image\\\/\"},\"sameAs\":[\"https:\\\/\\\/www.facebook.com\\\/interregsudoe\",\"https:\\\/\\\/x.com\\\/Sudoe5\",\"https:\\\/\\\/www.youtube.com\\\/channel\\\/UCeGx2edoB32beRc9dbKA2vw\",\"https:\\\/\\\/www.linkedin.com\\\/company\\\/interreg-sudoe-programme\\\/\",\"https:\\\/\\\/www.flickr.com\\\/photos\\\/148704685@N06\\\/\"]}]}<\/script>\n<!-- \/ Yoast SEO plugin. -->","yoast_head_json":{"title":"ResilientES - Interreg Sudoe","robots":{"index":"index","follow":"follow","max-snippet":"max-snippet:-1","max-image-preview":"max-image-preview:large","max-video-preview":"max-video-preview:-1"},"canonical":"https:\/\/interreg-sudoe.eu\/pt-pt\/proyecto-interreg\/resilientes-2\/","og_locale":"pt_PT","og_type":"article","og_title":"ResilientES - Interreg Sudoe","og_description":"Econom\u00eda Social, motor del desarrollo socioecon\u00f3mico de zonas de interior y no urbanas en SUDOE","og_url":"https:\/\/interreg-sudoe.eu\/pt-pt\/proyecto-interreg\/resilientes-2\/","og_site_name":"Interreg Sudoe","article_publisher":"https:\/\/www.facebook.com\/interregsudoe","article_modified_time":"2026-04-24T11:00:50+00:00","og_image":[{"width":344,"height":147,"url":"https:\/\/interreg-sudoe.eu\/wp-content\/uploads\/2024\/03\/download.png","type":"image\/png"}],"twitter_card":"summary_large_image","twitter_site":"@Sudoe5","twitter_misc":{"Tempo estimado de leitura":"2 minutos"},"schema":{"@context":"https:\/\/schema.org","@graph":[{"@type":"WebPage","@id":"https:\/\/interreg-sudoe.eu\/pt-pt\/proyecto-interreg\/resilientes-2\/","url":"https:\/\/interreg-sudoe.eu\/pt-pt\/proyecto-interreg\/resilientes-2\/","name":"ResilientES - Interreg Sudoe","isPartOf":{"@id":"https:\/\/interreg-sudoe.eu\/pt-pt\/#website"},"datePublished":"2025-07-22T11:37:14+00:00","dateModified":"2026-04-24T11:00:50+00:00","breadcrumb":{"@id":"https:\/\/interreg-sudoe.eu\/pt-pt\/proyecto-interreg\/resilientes-2\/#breadcrumb"},"inLanguage":"pt-PT","potentialAction":[{"@type":"ReadAction","target":["https:\/\/interreg-sudoe.eu\/pt-pt\/proyecto-interreg\/resilientes-2\/"]}]},{"@type":"BreadcrumbList","@id":"https:\/\/interreg-sudoe.eu\/pt-pt\/proyecto-interreg\/resilientes-2\/#breadcrumb","itemListElement":[{"@type":"ListItem","position":1,"name":"Home","item":"https:\/\/interreg-sudoe.eu\/pt-pt\/"},{"@type":"ListItem","position":2,"name":"ResilientES"}]},{"@type":"WebSite","@id":"https:\/\/interreg-sudoe.eu\/pt-pt\/#website","url":"https:\/\/interreg-sudoe.eu\/pt-pt\/","name":"Interreg Sudoe","description":"Interreg Sudoe","publisher":{"@id":"https:\/\/interreg-sudoe.eu\/pt-pt\/#organization"},"alternateName":"Interreg Sudoe","potentialAction":[{"@type":"SearchAction","target":{"@type":"EntryPoint","urlTemplate":"https:\/\/interreg-sudoe.eu\/pt-pt\/?s={search_term_string}"},"query-input":{"@type":"PropertyValueSpecification","valueRequired":true,"valueName":"search_term_string"}}],"inLanguage":"pt-PT"},{"@type":"Organization","@id":"https:\/\/interreg-sudoe.eu\/pt-pt\/#organization","name":"Interreg Sudoe","alternateName":"Interreg Sudoe","url":"https:\/\/interreg-sudoe.eu\/pt-pt\/","logo":{"@type":"ImageObject","inLanguage":"pt-PT","@id":"https:\/\/interreg-sudoe.eu\/pt-pt\/#\/schema\/logo\/image\/","url":"https:\/\/interreg-sudoe.eu\/wp-content\/uploads\/2024\/03\/logo-interreg.png","contentUrl":"https:\/\/interreg-sudoe.eu\/wp-content\/uploads\/2024\/03\/logo-interreg.png","width":1200,"height":675,"caption":"Interreg Sudoe"},"image":{"@id":"https:\/\/interreg-sudoe.eu\/pt-pt\/#\/schema\/logo\/image\/"},"sameAs":["https:\/\/www.facebook.com\/interregsudoe","https:\/\/x.com\/Sudoe5","https:\/\/www.youtube.com\/channel\/UCeGx2edoB32beRc9dbKA2vw","https:\/\/www.linkedin.com\/company\/interreg-sudoe-programme\/","https:\/\/www.flickr.com\/photos\/148704685@N06\/"]}]}},"_links":{"self":[{"href":"https:\/\/interreg-sudoe.eu\/pt-pt\/wp-json\/wp\/v2\/proyecto-interreg\/62487","targetHints":{"allow":["GET"]}}],"collection":[{"href":"https:\/\/interreg-sudoe.eu\/pt-pt\/wp-json\/wp\/v2\/proyecto-interreg"}],"about":[{"href":"https:\/\/interreg-sudoe.eu\/pt-pt\/wp-json\/wp\/v2\/types\/proyecto-interreg"}],"author":[{"embeddable":true,"href":"https:\/\/interreg-sudoe.eu\/pt-pt\/wp-json\/wp\/v2\/users\/5173"}],"version-history":[{"count":3,"href":"https:\/\/interreg-sudoe.eu\/pt-pt\/wp-json\/wp\/v2\/proyecto-interreg\/62487\/revisions"}],"predecessor-version":[{"id":64385,"href":"https:\/\/interreg-sudoe.eu\/pt-pt\/wp-json\/wp\/v2\/proyecto-interreg\/62487\/revisions\/64385"}],"wp:attachment":[{"href":"https:\/\/interreg-sudoe.eu\/pt-pt\/wp-json\/wp\/v2\/media?parent=62487"}],"wp:term":[{"taxonomy":"convocatoria-proyecto-27","embeddable":true,"href":"https:\/\/interreg-sudoe.eu\/pt-pt\/wp-json\/wp\/v2\/convocatoria-proyecto-27?post=62487"},{"taxonomy":"estado-proyecto-27","embeddable":true,"href":"https:\/\/interreg-sudoe.eu\/pt-pt\/wp-json\/wp\/v2\/estado-proyecto-27?post=62487"},{"taxonomy":"idioma-proyecto-27","embeddable":true,"href":"https:\/\/interreg-sudoe.eu\/pt-pt\/wp-json\/wp\/v2\/idioma-proyecto-27?post=62487"},{"taxonomy":"objetivo-especifico-proyecto-27","embeddable":true,"href":"https:\/\/interreg-sudoe.eu\/pt-pt\/wp-json\/wp\/v2\/objetivo-especifico-proyecto-27?post=62487"},{"taxonomy":"pais-proyecto-27","embeddable":true,"href":"https:\/\/interreg-sudoe.eu\/pt-pt\/wp-json\/wp\/v2\/pais-proyecto-27?post=62487"},{"taxonomy":"periodo","embeddable":true,"href":"https:\/\/interreg-sudoe.eu\/pt-pt\/wp-json\/wp\/v2\/periodo?post=62487"},{"taxonomy":"prioridad-proyecto-27","embeddable":true,"href":"https:\/\/interreg-sudoe.eu\/pt-pt\/wp-json\/wp\/v2\/prioridad-proyecto-27?post=62487"},{"taxonomy":"publico-objetivo","embeddable":true,"href":"https:\/\/interreg-sudoe.eu\/pt-pt\/wp-json\/wp\/v2\/publico-objetivo?post=62487"},{"taxonomy":"region-proyecto-27","embeddable":true,"href":"https:\/\/interreg-sudoe.eu\/pt-pt\/wp-json\/wp\/v2\/region-proyecto-27?post=62487"},{"taxonomy":"tematica-proyecto-27","embeddable":true,"href":"https:\/\/interreg-sudoe.eu\/pt-pt\/wp-json\/wp\/v2\/tematica-proyecto-27?post=62487"}],"curies":[{"name":"wp","href":"https:\/\/api.w.org\/{rel}","templated":true}]}}