{"id":35519,"date":"2024-05-30T18:17:38","date_gmt":"2024-05-30T16:17:38","guid":{"rendered":"https:\/\/interreg-sudoe.eu\/resultado-proyecto-2\/estrategia-e-plano-de-acao-para-a-aplicacao-da-iv-em-vinhas-de-elevado-valor-ecologico\/"},"modified":"2026-02-18T12:31:00","modified_gmt":"2026-02-18T11:31:00","slug":"estrategia-e-plano-de-acao-para-a-aplicacao-da-iv-em-vinhas-de-elevado-valor-ecologico","status":"publish","type":"resultado-proyecto-2","link":"https:\/\/interreg-sudoe.eu\/pt-pt\/resultado-proyecto-2\/estrategia-e-plano-de-acao-para-a-aplicacao-da-iv-em-vinhas-de-elevado-valor-ecologico\/","title":{"rendered":"Estrat\u00e9gia e plano de a\u00e7\u00e3o para a aplica\u00e7\u00e3o da IV em vinhas de elevado valor ecol\u00f3gico."},"content":{"rendered":"<p>Ser\u00e1 realizada a elabora\u00e7\u00e3o de uma Estrat\u00e9gia e de um Plano de A\u00e7\u00e3o para a implementa\u00e7\u00e3o da IV nas vinhas de elevado valor ecol\u00f3gico no territ\u00f3rio SUDOE. Esta estrat\u00e9gia servir\u00e1 de guia para o setor vitivin\u00edcola e para as autoridades interessadas em melhorar a SSEE nas vinhas, e tornar-se-\u00e1 um modelo inspirador para outras regi\u00f5es.<\/p>\n<p>Os principais passos no desenvolvimento da <strong>estrat\u00e9gia<\/strong> incluem:<\/p>\n<p>&#8211;<strong>Estudo das Estrat\u00e9gias Europeias e Regionais<\/strong>: As estrat\u00e9gias a n\u00edvel europeu e dos pa\u00edses do cons\u00f3rcio ser\u00e3o examinadas para identificar pr\u00e1ticas bem sucedidas.<\/p>\n<p>&#8211;<strong>Li\u00e7\u00f5es aprendidas<\/strong>: As li\u00e7\u00f5es aprendidas durante o projeto ser\u00e3o incorporadas na estrat\u00e9gia.<\/p>\n<p>&#8211;<strong>Objetivos estrat\u00e9gicos<\/strong>: Ser\u00e3o definidos objectivos que abordem a prote\u00e7\u00e3o dos ecossistemas, a promo\u00e7\u00e3o de SSEE e o bem-estar social.<\/p>\n<p>&#8211;<strong>Linhas Estrat\u00e9gicas<\/strong>: Ser\u00e3o estabelecidas diretrizes estrat\u00e9gicas para a implementa\u00e7\u00e3o do IV.<\/p>\n<p>O <strong>Plano de A\u00e7\u00e3o<\/strong> incluir\u00e1:<\/p>\n<p>&#8211;<strong>A\u00e7\u00f5es<\/strong>: Detalhes de ac\u00e7\u00f5es concretas, projetos-piloto e programas da IV.<\/p>\n<p>&#8211;<strong>Calend\u00e1rio<\/strong>: Prazos para a execu\u00e7\u00e3o de cada a\u00e7\u00e3o.<\/p>\n<p>&#8211;<strong>Responsabilidades<\/strong>: Atribui\u00e7\u00e3o de fun\u00e7\u00f5es aos actores envolvidos.<\/p>\n<p>&#8211;<strong>Recursos<\/strong>: Identifica\u00e7\u00e3o dos recursos humanos, financeiros e t\u00e9cnicos necess\u00e1rios.<\/p>\n<p>Al\u00e9m disso, ser\u00e3o realizadas <strong>atividades espec\u00edficas de divulga\u00e7\u00e3o<\/strong>, tais como a cria\u00e7\u00e3o de uma brochura, um v\u00eddeo informativo, micro-v\u00eddeos com testemunhos locais, um evento final, dias em denomina\u00e7\u00f5es de vinho, contratos com meios de comunica\u00e7\u00e3o especializados e eventos na zona transfronteiri\u00e7a de Arribas e Alto Douro para partilhar os resultados e benef\u00edcios da abordagem da estrat\u00e9gia.<\/p>\n<p>Em suma, a estrat\u00e9gia e o plano de a\u00e7\u00e3o visam promover a <strong>sustentabilidade e a qualidade das vinhas do SUDOE atrav\u00e9s da IV<\/strong>, aproveitando os conhecimentos anteriores e partilhando as li\u00e7\u00f5es aprendidas com o sector e as autoridades locais.<\/p>\n","protected":false},"excerpt":{"rendered":"<p>Ser\u00e1 levada a cabo a elabora\u00e7\u00e3o de uma Estrat\u00e9gia e de um Plano de A\u00e7\u00e3o para a implementa\u00e7\u00e3o de Infraestruturas Verdes (IG) em vinhas de elevado valor ecol\u00f3gico no territ\u00f3rio SUDOE. Esta estrat\u00e9gia servir\u00e1 de guia para o setor vitivin\u00edcola e para as autoridades interessadas em melhorar os servi\u00e7os ecossist\u00e9micos (ESS) nas vinhas, e tornar-se-\u00e1 um modelo inspirador para outras regi\u00f5es. O plano de a\u00e7\u00e3o ser\u00e1 fundamental para partilhar os resultados e os benef\u00edcios da abordagem estrat\u00e9gica. A estrat\u00e9gia e o plano de a\u00e7\u00e3o visam promover a sustentabilidade e a qualidade nas vinhas do SUDOE atrav\u00e9s da IV, com base em conhecimentos anteriores e partilhando as li\u00e7\u00f5es aprendidas com o sector e as autoridades locais.<\/p>\n","protected":false},"author":4965,"template":"","meta":{"_acf_changed":false,"content-type":"","_monsterinsights_skip_tracking":false,"_monsterinsights_sitenote_active":false,"_monsterinsights_sitenote_note":"","_monsterinsights_sitenote_category":0},"convocatoria-proyecto-27":[3311],"estado-proyecto-27":[3364],"objetivo-especifico-proyecto-27":[3295],"periodo":[3557],"prioridad-proyecto-27":[3274],"publico-objetivo":[],"tematica-proyecto-27":[],"tipo-resultado":[3497,3444],"class_list":["post-35519","resultado-proyecto-2","type-resultado-proyecto-2","status-publish","hentry","convocatoria-proyecto-27-1a-convocatoria-pt-pt","estado-proyecto-27-em-curso","objetivo-especifico-proyecto-27-oe-2-7-protecao-e-preservacao-da-natureza-biodiversidade-infraestruturas-verdes","periodo-2021-2027-pt-pt","prioridad-proyecto-27-1-preservar-o-capital-natural-e-reforcar-a-adaptacao-as-alteracoes-climaticas-no-sudoe","tipo-resultado-estrategia-plano-de-acao","tipo-resultado-estrategias-planes-de-accion"],"acf":[],"yoast_head":"<!-- This site is optimized with the Yoast SEO plugin v27.2 - https:\/\/yoast.com\/product\/yoast-seo-wordpress\/ -->\n<title>Estrat\u00e9gia e plano de a\u00e7\u00e3o para a aplica\u00e7\u00e3o da IV em vinhas de elevado valor ecol\u00f3gico. - Interreg Sudoe<\/title>\n<meta name=\"robots\" content=\"index, follow, max-snippet:-1, max-image-preview:large, max-video-preview:-1\" \/>\n<link rel=\"canonical\" href=\"https:\/\/interreg-sudoe.eu\/pt-pt\/resultado-proyecto-2\/estrategia-e-plano-de-acao-para-a-aplicacao-da-iv-em-vinhas-de-elevado-valor-ecologico\/\" \/>\n<meta property=\"og:locale\" content=\"pt_PT\" \/>\n<meta property=\"og:type\" content=\"article\" \/>\n<meta property=\"og:title\" content=\"Estrat\u00e9gia e plano de a\u00e7\u00e3o para a aplica\u00e7\u00e3o da IV em vinhas de elevado valor ecol\u00f3gico. - Interreg Sudoe\" \/>\n<meta property=\"og:description\" content=\"Ser\u00e1 levada a cabo a elabora\u00e7\u00e3o de uma Estrat\u00e9gia e de um Plano de A\u00e7\u00e3o para a implementa\u00e7\u00e3o de Infraestruturas Verdes (IG) em vinhas de elevado valor ecol\u00f3gico no territ\u00f3rio SUDOE. Esta estrat\u00e9gia servir\u00e1 de guia para o setor vitivin\u00edcola e para as autoridades interessadas em melhorar os servi\u00e7os ecossist\u00e9micos (ESS) nas vinhas, e tornar-se-\u00e1 um modelo inspirador para outras regi\u00f5es. O plano de a\u00e7\u00e3o ser\u00e1 fundamental para partilhar os resultados e os benef\u00edcios da abordagem estrat\u00e9gica. A estrat\u00e9gia e o plano de a\u00e7\u00e3o visam promover a sustentabilidade e a qualidade nas vinhas do SUDOE atrav\u00e9s da IV, com base em conhecimentos anteriores e partilhando as li\u00e7\u00f5es aprendidas com o sector e as autoridades locais.\" \/>\n<meta property=\"og:url\" content=\"https:\/\/interreg-sudoe.eu\/pt-pt\/resultado-proyecto-2\/estrategia-e-plano-de-acao-para-a-aplicacao-da-iv-em-vinhas-de-elevado-valor-ecologico\/\" \/>\n<meta property=\"og:site_name\" content=\"Interreg Sudoe\" \/>\n<meta property=\"article:publisher\" content=\"https:\/\/www.facebook.com\/interregsudoe\" \/>\n<meta property=\"article:modified_time\" content=\"2026-02-18T11:31:00+00:00\" \/>\n<meta property=\"og:image\" content=\"https:\/\/interreg-sudoe.eu\/wp-content\/uploads\/2024\/03\/download.png\" \/>\n\t<meta property=\"og:image:width\" content=\"344\" \/>\n\t<meta property=\"og:image:height\" content=\"147\" \/>\n\t<meta property=\"og:image:type\" content=\"image\/png\" \/>\n<meta name=\"twitter:card\" content=\"summary_large_image\" \/>\n<meta name=\"twitter:site\" content=\"@Sudoe5\" \/>\n<meta name=\"twitter:label1\" content=\"Tempo estimado de leitura\" \/>\n\t<meta name=\"twitter:data1\" content=\"2 minutos\" \/>\n<script type=\"application\/ld+json\" class=\"yoast-schema-graph\">{\"@context\":\"https:\/\/schema.org\",\"@graph\":[{\"@type\":\"WebPage\",\"@id\":\"https:\/\/interreg-sudoe.eu\/pt-pt\/resultado-proyecto-2\/estrategia-e-plano-de-acao-para-a-aplicacao-da-iv-em-vinhas-de-elevado-valor-ecologico\/\",\"url\":\"https:\/\/interreg-sudoe.eu\/pt-pt\/resultado-proyecto-2\/estrategia-e-plano-de-acao-para-a-aplicacao-da-iv-em-vinhas-de-elevado-valor-ecologico\/\",\"name\":\"Estrat\u00e9gia e plano de a\u00e7\u00e3o para a aplica\u00e7\u00e3o da IV em vinhas de elevado valor ecol\u00f3gico. - Interreg Sudoe\",\"isPartOf\":{\"@id\":\"https:\/\/interreg-sudoe.eu\/pt-pt\/#website\"},\"datePublished\":\"2024-05-30T16:17:38+00:00\",\"dateModified\":\"2026-02-18T11:31:00+00:00\",\"breadcrumb\":{\"@id\":\"https:\/\/interreg-sudoe.eu\/pt-pt\/resultado-proyecto-2\/estrategia-e-plano-de-acao-para-a-aplicacao-da-iv-em-vinhas-de-elevado-valor-ecologico\/#breadcrumb\"},\"inLanguage\":\"pt-PT\",\"potentialAction\":[{\"@type\":\"ReadAction\",\"target\":[\"https:\/\/interreg-sudoe.eu\/pt-pt\/resultado-proyecto-2\/estrategia-e-plano-de-acao-para-a-aplicacao-da-iv-em-vinhas-de-elevado-valor-ecologico\/\"]}]},{\"@type\":\"BreadcrumbList\",\"@id\":\"https:\/\/interreg-sudoe.eu\/pt-pt\/resultado-proyecto-2\/estrategia-e-plano-de-acao-para-a-aplicacao-da-iv-em-vinhas-de-elevado-valor-ecologico\/#breadcrumb\",\"itemListElement\":[{\"@type\":\"ListItem\",\"position\":1,\"name\":\"Home\",\"item\":\"https:\/\/interreg-sudoe.eu\/pt-pt\/\"},{\"@type\":\"ListItem\",\"position\":2,\"name\":\"Estrat\u00e9gia e plano de a\u00e7\u00e3o para a aplica\u00e7\u00e3o da IV em vinhas de elevado valor ecol\u00f3gico.\"}]},{\"@type\":\"WebSite\",\"@id\":\"https:\/\/interreg-sudoe.eu\/pt-pt\/#website\",\"url\":\"https:\/\/interreg-sudoe.eu\/pt-pt\/\",\"name\":\"Interreg Sudoe\",\"description\":\"Interreg Sudoe\",\"publisher\":{\"@id\":\"https:\/\/interreg-sudoe.eu\/pt-pt\/#organization\"},\"alternateName\":\"Interreg Sudoe\",\"potentialAction\":[{\"@type\":\"SearchAction\",\"target\":{\"@type\":\"EntryPoint\",\"urlTemplate\":\"https:\/\/interreg-sudoe.eu\/pt-pt\/?s={search_term_string}\"},\"query-input\":{\"@type\":\"PropertyValueSpecification\",\"valueRequired\":true,\"valueName\":\"search_term_string\"}}],\"inLanguage\":\"pt-PT\"},{\"@type\":\"Organization\",\"@id\":\"https:\/\/interreg-sudoe.eu\/pt-pt\/#organization\",\"name\":\"Interreg Sudoe\",\"alternateName\":\"Interreg Sudoe\",\"url\":\"https:\/\/interreg-sudoe.eu\/pt-pt\/\",\"logo\":{\"@type\":\"ImageObject\",\"inLanguage\":\"pt-PT\",\"@id\":\"https:\/\/interreg-sudoe.eu\/pt-pt\/#\/schema\/logo\/image\/\",\"url\":\"https:\/\/interreg-sudoe.eu\/wp-content\/uploads\/2024\/03\/logo-interreg.png\",\"contentUrl\":\"https:\/\/interreg-sudoe.eu\/wp-content\/uploads\/2024\/03\/logo-interreg.png\",\"width\":1200,\"height\":675,\"caption\":\"Interreg Sudoe\"},\"image\":{\"@id\":\"https:\/\/interreg-sudoe.eu\/pt-pt\/#\/schema\/logo\/image\/\"},\"sameAs\":[\"https:\/\/www.facebook.com\/interregsudoe\",\"https:\/\/x.com\/Sudoe5\",\"https:\/\/www.youtube.com\/channel\/UCeGx2edoB32beRc9dbKA2vw\",\"https:\/\/www.linkedin.com\/company\/interreg-sudoe-programme\/\",\"https:\/\/www.flickr.com\/photos\/148704685@N06\/\"]}]}<\/script>\n<!-- \/ Yoast SEO plugin. -->","yoast_head_json":{"title":"Estrat\u00e9gia e plano de a\u00e7\u00e3o para a aplica\u00e7\u00e3o da IV em vinhas de elevado valor ecol\u00f3gico. - Interreg Sudoe","robots":{"index":"index","follow":"follow","max-snippet":"max-snippet:-1","max-image-preview":"max-image-preview:large","max-video-preview":"max-video-preview:-1"},"canonical":"https:\/\/interreg-sudoe.eu\/pt-pt\/resultado-proyecto-2\/estrategia-e-plano-de-acao-para-a-aplicacao-da-iv-em-vinhas-de-elevado-valor-ecologico\/","og_locale":"pt_PT","og_type":"article","og_title":"Estrat\u00e9gia e plano de a\u00e7\u00e3o para a aplica\u00e7\u00e3o da IV em vinhas de elevado valor ecol\u00f3gico. - Interreg Sudoe","og_description":"Ser\u00e1 levada a cabo a elabora\u00e7\u00e3o de uma Estrat\u00e9gia e de um Plano de A\u00e7\u00e3o para a implementa\u00e7\u00e3o de Infraestruturas Verdes (IG) em vinhas de elevado valor ecol\u00f3gico no territ\u00f3rio SUDOE. Esta estrat\u00e9gia servir\u00e1 de guia para o setor vitivin\u00edcola e para as autoridades interessadas em melhorar os servi\u00e7os ecossist\u00e9micos (ESS) nas vinhas, e tornar-se-\u00e1 um modelo inspirador para outras regi\u00f5es. O plano de a\u00e7\u00e3o ser\u00e1 fundamental para partilhar os resultados e os benef\u00edcios da abordagem estrat\u00e9gica. A estrat\u00e9gia e o plano de a\u00e7\u00e3o visam promover a sustentabilidade e a qualidade nas vinhas do SUDOE atrav\u00e9s da IV, com base em conhecimentos anteriores e partilhando as li\u00e7\u00f5es aprendidas com o sector e as autoridades locais.","og_url":"https:\/\/interreg-sudoe.eu\/pt-pt\/resultado-proyecto-2\/estrategia-e-plano-de-acao-para-a-aplicacao-da-iv-em-vinhas-de-elevado-valor-ecologico\/","og_site_name":"Interreg Sudoe","article_publisher":"https:\/\/www.facebook.com\/interregsudoe","article_modified_time":"2026-02-18T11:31:00+00:00","og_image":[{"width":344,"height":147,"url":"https:\/\/interreg-sudoe.eu\/wp-content\/uploads\/2024\/03\/download.png","type":"image\/png"}],"twitter_card":"summary_large_image","twitter_site":"@Sudoe5","twitter_misc":{"Tempo estimado de leitura":"2 minutos"},"schema":{"@context":"https:\/\/schema.org","@graph":[{"@type":"WebPage","@id":"https:\/\/interreg-sudoe.eu\/pt-pt\/resultado-proyecto-2\/estrategia-e-plano-de-acao-para-a-aplicacao-da-iv-em-vinhas-de-elevado-valor-ecologico\/","url":"https:\/\/interreg-sudoe.eu\/pt-pt\/resultado-proyecto-2\/estrategia-e-plano-de-acao-para-a-aplicacao-da-iv-em-vinhas-de-elevado-valor-ecologico\/","name":"Estrat\u00e9gia e plano de a\u00e7\u00e3o para a aplica\u00e7\u00e3o da IV em vinhas de elevado valor ecol\u00f3gico. - Interreg Sudoe","isPartOf":{"@id":"https:\/\/interreg-sudoe.eu\/pt-pt\/#website"},"datePublished":"2024-05-30T16:17:38+00:00","dateModified":"2026-02-18T11:31:00+00:00","breadcrumb":{"@id":"https:\/\/interreg-sudoe.eu\/pt-pt\/resultado-proyecto-2\/estrategia-e-plano-de-acao-para-a-aplicacao-da-iv-em-vinhas-de-elevado-valor-ecologico\/#breadcrumb"},"inLanguage":"pt-PT","potentialAction":[{"@type":"ReadAction","target":["https:\/\/interreg-sudoe.eu\/pt-pt\/resultado-proyecto-2\/estrategia-e-plano-de-acao-para-a-aplicacao-da-iv-em-vinhas-de-elevado-valor-ecologico\/"]}]},{"@type":"BreadcrumbList","@id":"https:\/\/interreg-sudoe.eu\/pt-pt\/resultado-proyecto-2\/estrategia-e-plano-de-acao-para-a-aplicacao-da-iv-em-vinhas-de-elevado-valor-ecologico\/#breadcrumb","itemListElement":[{"@type":"ListItem","position":1,"name":"Home","item":"https:\/\/interreg-sudoe.eu\/pt-pt\/"},{"@type":"ListItem","position":2,"name":"Estrat\u00e9gia e plano de a\u00e7\u00e3o para a aplica\u00e7\u00e3o da IV em vinhas de elevado valor ecol\u00f3gico."}]},{"@type":"WebSite","@id":"https:\/\/interreg-sudoe.eu\/pt-pt\/#website","url":"https:\/\/interreg-sudoe.eu\/pt-pt\/","name":"Interreg Sudoe","description":"Interreg Sudoe","publisher":{"@id":"https:\/\/interreg-sudoe.eu\/pt-pt\/#organization"},"alternateName":"Interreg Sudoe","potentialAction":[{"@type":"SearchAction","target":{"@type":"EntryPoint","urlTemplate":"https:\/\/interreg-sudoe.eu\/pt-pt\/?s={search_term_string}"},"query-input":{"@type":"PropertyValueSpecification","valueRequired":true,"valueName":"search_term_string"}}],"inLanguage":"pt-PT"},{"@type":"Organization","@id":"https:\/\/interreg-sudoe.eu\/pt-pt\/#organization","name":"Interreg Sudoe","alternateName":"Interreg Sudoe","url":"https:\/\/interreg-sudoe.eu\/pt-pt\/","logo":{"@type":"ImageObject","inLanguage":"pt-PT","@id":"https:\/\/interreg-sudoe.eu\/pt-pt\/#\/schema\/logo\/image\/","url":"https:\/\/interreg-sudoe.eu\/wp-content\/uploads\/2024\/03\/logo-interreg.png","contentUrl":"https:\/\/interreg-sudoe.eu\/wp-content\/uploads\/2024\/03\/logo-interreg.png","width":1200,"height":675,"caption":"Interreg Sudoe"},"image":{"@id":"https:\/\/interreg-sudoe.eu\/pt-pt\/#\/schema\/logo\/image\/"},"sameAs":["https:\/\/www.facebook.com\/interregsudoe","https:\/\/x.com\/Sudoe5","https:\/\/www.youtube.com\/channel\/UCeGx2edoB32beRc9dbKA2vw","https:\/\/www.linkedin.com\/company\/interreg-sudoe-programme\/","https:\/\/www.flickr.com\/photos\/148704685@N06\/"]}]}},"_links":{"self":[{"href":"https:\/\/interreg-sudoe.eu\/pt-pt\/wp-json\/wp\/v2\/resultado-proyecto-2\/35519","targetHints":{"allow":["GET"]}}],"collection":[{"href":"https:\/\/interreg-sudoe.eu\/pt-pt\/wp-json\/wp\/v2\/resultado-proyecto-2"}],"about":[{"href":"https:\/\/interreg-sudoe.eu\/pt-pt\/wp-json\/wp\/v2\/types\/resultado-proyecto-2"}],"author":[{"embeddable":true,"href":"https:\/\/interreg-sudoe.eu\/pt-pt\/wp-json\/wp\/v2\/users\/4965"}],"wp:attachment":[{"href":"https:\/\/interreg-sudoe.eu\/pt-pt\/wp-json\/wp\/v2\/media?parent=35519"}],"wp:term":[{"taxonomy":"convocatoria-proyecto-27","embeddable":true,"href":"https:\/\/interreg-sudoe.eu\/pt-pt\/wp-json\/wp\/v2\/convocatoria-proyecto-27?post=35519"},{"taxonomy":"estado-proyecto-27","embeddable":true,"href":"https:\/\/interreg-sudoe.eu\/pt-pt\/wp-json\/wp\/v2\/estado-proyecto-27?post=35519"},{"taxonomy":"objetivo-especifico-proyecto-27","embeddable":true,"href":"https:\/\/interreg-sudoe.eu\/pt-pt\/wp-json\/wp\/v2\/objetivo-especifico-proyecto-27?post=35519"},{"taxonomy":"periodo","embeddable":true,"href":"https:\/\/interreg-sudoe.eu\/pt-pt\/wp-json\/wp\/v2\/periodo?post=35519"},{"taxonomy":"prioridad-proyecto-27","embeddable":true,"href":"https:\/\/interreg-sudoe.eu\/pt-pt\/wp-json\/wp\/v2\/prioridad-proyecto-27?post=35519"},{"taxonomy":"publico-objetivo","embeddable":true,"href":"https:\/\/interreg-sudoe.eu\/pt-pt\/wp-json\/wp\/v2\/publico-objetivo?post=35519"},{"taxonomy":"tematica-proyecto-27","embeddable":true,"href":"https:\/\/interreg-sudoe.eu\/pt-pt\/wp-json\/wp\/v2\/tematica-proyecto-27?post=35519"},{"taxonomy":"tipo-resultado","embeddable":true,"href":"https:\/\/interreg-sudoe.eu\/pt-pt\/wp-json\/wp\/v2\/tipo-resultado?post=35519"}],"curies":[{"name":"wp","href":"https:\/\/api.w.org\/{rel}","templated":true}]}}